{"id":48568,"date":"2025-10-22T16:00:26","date_gmt":"2025-10-22T14:00:26","guid":{"rendered":"https:\/\/teasense.ch\/produkt\/melange-epices-curcuma\/"},"modified":"2025-10-22T16:00:26","modified_gmt":"2025-10-22T14:00:26","slug":"melange-epices-curcuma","status":"publish","type":"product","link":"https:\/\/teasense.ch\/fr\/produit\/melange-epices-curcuma\/","title":{"rendered":"M\u00e9lange d\u2019\u00e9pices au curcuma"},"content":{"rendered":"<h2>Moments dor\u00e9s et cuisine cr\u00e9ative<\/h2>\n<p>Curcuma avec citronnelle, citron, gingembre et coriandre. Id\u00e9al en infusion, en cuisine ou pour une boisson au curcuma.  <\/p>\n<h3>Ingr\u00e9dients aromatiques<\/h3>\n<p>Le m\u00e9lange associe curcuma, citronnelle, citron, gingembre et coriandre. Le curcuma apporte la couleur dor\u00e9e, la citronnelle et le citron ajoutent de la fra\u00eecheur, tandis que le gingembre et la coriandre \u00e9quilibrent l\u2019ensemble.   <\/p>\n<h3>Utilisation<\/h3>\n<p>En infusion:<br \/>Ajouter une cuill\u00e8re \u00e0 caf\u00e9 dans de l\u2019eau chaude. <\/p>\n<p>Dans les plats:<br \/>Parfait pour currys, riz ou soupes. <\/p>\n<h3>Boisson au curcuma<\/h3>\n<p>M\u00e9langer une cuill\u00e8re \u00e0 caf\u00e9 dans du lait chaud ou une boisson v\u00e9g\u00e9tale. <\/p>\n<p>Ce m\u00e9lange apporte chaleur et go\u00fbt, surtout pendant les p\u00e9riodes plus fra\u00eeches. <\/p>\n<p><strong>Ingr\u00e9dients<\/strong>: curcuma, citronnelle, citron, gingembre, coriandre<\/p>\n<h4>D\u00e9couvrez-en plus sur le curcuma<\/h4>\n<p>Si vous aimez le curcuma, essayez notre <a href=\"https:\/\/teasense.ch\/produit\/ingwer-kurkuma-tee\/\">th\u00e9 gingembre-curcuma<\/a>. Ce m\u00e9lange subtilement \u00e9quilibr\u00e9 offre une fra\u00eecheur et des \u00e9pices exceptionnelles pour des moments de pur plaisir. <\/p>\n","protected":false},"excerpt":{"rendered":"<ul>\n<li>Curcuma avec citronnelle, citron, gingembre et coriandre<\/li>\n<li>Id\u00e9al en infusion, en cuisine ou pour une boisson au curcuma<\/li>\n<li>Couleur dor\u00e9e, 100 % d\u2019ingr\u00e9dients naturels \u2013 sans additifs<\/li>\n<\/ul>\n","protected":false},"featured_media":47184,"comment_status":"open","ping_status":"closed","template":"","meta":{"_et_pb_use_builder":"","_et_pb_old_content":"","_et_gb_content_width":""},"product_brand":[],"product_cat":[406,394,348],"product_tag":[],"class_list":{"0":"post-48568","1":"product","2":"type-product","3":"status-publish","4":"has-post-thumbnail","6":"product_cat-chai","7":"product_cat-fruits-epices","8":"product_cat-tous-produits","9":"pa_herkunft-allemagne","10":"pa_weight-50-g","11":"pa_weight-80-g","13":"first","14":"instock","15":"shipping-taxable","16":"purchasable","17":"product-type-variable","18":"has-default-attributes","19":"add-to-wishlist-before_image"},"yoast_head":"<!-- This site is optimized with the Yoast SEO plugin v27.4 - https:\/\/yoast.com\/product\/yoast-seo-wordpress\/ -->\n<title>M\u00e9lange d\u2019\u00e9pices au curcuma - TeaSense.ch - Tee Shop Schweiz<\/title>\n<meta name=\"description\" content=\"M\u00e9lange d\u2019\u00e9pices au curcuma avec citronnelle, citron, gingembre et coriandre. Pour infusion ou cuisine.\" \/>\n<meta name=\"robots\" content=\"index, follow, max-snippet:-1, max-image-preview:large, max-video-preview:-1\" \/>\n<link rel=\"canonical\" href=\"https:\/\/teasense.ch\/fr\/produit\/melange-epices-curcuma\/\" \/>\n<meta property=\"og:locale\" content=\"fr_FR\" \/>\n<meta property=\"og:type\" content=\"article\" \/>\n<meta property=\"og:title\" content=\"M\u00e9lange d\u2019\u00e9pices au curcuma - TeaSense.ch - Tee Shop Schweiz\" \/>\n<meta property=\"og:description\" content=\"M\u00e9lange d\u2019\u00e9pices au curcuma avec citronnelle, citron, gingembre et coriandre. Pour infusion ou cuisine.\" \/>\n<meta property=\"og:url\" content=\"https:\/\/teasense.ch\/fr\/produit\/melange-epices-curcuma\/\" \/>\n<meta property=\"og:site_name\" content=\"TeaSense.ch - Tee Shop Schweiz\" \/>\n<meta property=\"article:publisher\" content=\"https:\/\/www.facebook.com\/teasense.ch\" \/>\n<meta property=\"og:image\" content=\"https:\/\/teasense.ch\/wp-content\/uploads\/2025\/09\/kurkuma-zitrone-1.png\" \/>\n\t<meta property=\"og:image:width\" content=\"800\" \/>\n\t<meta property=\"og:image:height\" content=\"800\" \/>\n\t<meta property=\"og:image:type\" content=\"image\/png\" \/>\n<meta name=\"twitter:card\" content=\"summary_large_image\" \/>\n<meta name=\"twitter:label1\" content=\"Est. reading time\" \/>\n\t<meta name=\"twitter:data1\" content=\"1 minute\" \/>\n<!-- \/ Yoast SEO plugin. -->","yoast_head_json":{"title":"M\u00e9lange d\u2019\u00e9pices au curcuma - TeaSense.ch - Tee Shop Schweiz","description":"M\u00e9lange d\u2019\u00e9pices au curcuma avec citronnelle, citron, gingembre et coriandre. Pour infusion ou cuisine.","robots":{"index":"index","follow":"follow","max-snippet":"max-snippet:-1","max-image-preview":"max-image-preview:large","max-video-preview":"max-video-preview:-1"},"canonical":"https:\/\/teasense.ch\/fr\/produit\/melange-epices-curcuma\/","og_locale":"fr_FR","og_type":"article","og_title":"M\u00e9lange d\u2019\u00e9pices au curcuma - TeaSense.ch - Tee Shop Schweiz","og_description":"M\u00e9lange d\u2019\u00e9pices au curcuma avec citronnelle, citron, gingembre et coriandre. Pour infusion ou cuisine.","og_url":"https:\/\/teasense.ch\/fr\/produit\/melange-epices-curcuma\/","og_site_name":"TeaSense.ch - Tee Shop Schweiz","article_publisher":"https:\/\/www.facebook.com\/teasense.ch","og_image":[{"width":800,"height":800,"url":"https:\/\/teasense.ch\/wp-content\/uploads\/2025\/09\/kurkuma-zitrone-1.png","type":"image\/png"}],"twitter_card":"summary_large_image","twitter_misc":{"Est. reading time":"1 minute"},"schema":{"@context":"https:\/\/schema.org","@graph":[{"@type":"WebPage","@id":"https:\/\/teasense.ch\/fr\/produit\/melange-epices-curcuma\/","url":"https:\/\/teasense.ch\/fr\/produit\/melange-epices-curcuma\/","name":"M\u00e9lange d\u2019\u00e9pices au curcuma - TeaSense.ch - Tee Shop Schweiz","isPartOf":{"@id":"https:\/\/teasense.ch\/fr\/#website"},"primaryImageOfPage":{"@id":"https:\/\/teasense.ch\/fr\/produit\/melange-epices-curcuma\/#primaryimage"},"image":{"@id":"https:\/\/teasense.ch\/fr\/produit\/melange-epices-curcuma\/#primaryimage"},"thumbnailUrl":"https:\/\/teasense.ch\/wp-content\/uploads\/2025\/09\/kurkuma-zitrone-1.png","datePublished":"2025-10-22T14:00:26+00:00","description":"M\u00e9lange d\u2019\u00e9pices au curcuma avec citronnelle, citron, gingembre et coriandre. Pour infusion ou cuisine.","breadcrumb":{"@id":"https:\/\/teasense.ch\/fr\/produit\/melange-epices-curcuma\/#breadcrumb"},"inLanguage":"fr-CH","potentialAction":[{"@type":"ReadAction","target":["https:\/\/teasense.ch\/fr\/produit\/melange-epices-curcuma\/"]}]},{"@type":"ImageObject","inLanguage":"fr-CH","@id":"https:\/\/teasense.ch\/fr\/produit\/melange-epices-curcuma\/#primaryimage","url":"https:\/\/teasense.ch\/wp-content\/uploads\/2025\/09\/kurkuma-zitrone-1.png","contentUrl":"https:\/\/teasense.ch\/wp-content\/uploads\/2025\/09\/kurkuma-zitrone-1.png","width":800,"height":800,"caption":"Kurkuma Gew\u00fcrz-Mix Zitronengras, Zitrone, Ingwer und Koriander"},{"@type":"BreadcrumbList","@id":"https:\/\/teasense.ch\/fr\/produit\/melange-epices-curcuma\/#breadcrumb","itemListElement":[{"@type":"ListItem","position":1,"name":"Startseite","item":"https:\/\/teasense.ch\/fr\/startseite\/"},{"@type":"ListItem","position":2,"name":"Boutique de th\u00e9 en ligne","item":"https:\/\/teasense.ch\/fr\/shop\/"},{"@type":"ListItem","position":3,"name":"M\u00e9lange d\u2019\u00e9pices au curcuma"}]},{"@type":"WebSite","@id":"https:\/\/teasense.ch\/fr\/#website","url":"https:\/\/teasense.ch\/fr\/","name":"TeaSense.ch","description":"Nat\u00fcrliche Teemischungen und klassischer Tee","publisher":{"@id":"https:\/\/teasense.ch\/fr\/#organization"},"alternateName":"TeaSense","potentialAction":[{"@type":"SearchAction","target":{"@type":"EntryPoint","urlTemplate":"https:\/\/teasense.ch\/fr\/?s={search_term_string}"},"query-input":{"@type":"PropertyValueSpecification","valueRequired":true,"valueName":"search_term_string"}}],"inLanguage":"fr-CH"},{"@type":"Organization","@id":"https:\/\/teasense.ch\/fr\/#organization","name":"Reale Selection","alternateName":"TeaSense.ch","url":"https:\/\/teasense.ch\/fr\/","logo":{"@type":"ImageObject","inLanguage":"fr-CH","@id":"https:\/\/teasense.ch\/fr\/#\/schema\/logo\/image\/","url":"https:\/\/teasense.ch\/wp-content\/uploads\/2023\/07\/cropped-logo-teasense-kategorie-onlineshop-alle-produkte.jpg","contentUrl":"https:\/\/teasense.ch\/wp-content\/uploads\/2023\/07\/cropped-logo-teasense-kategorie-onlineshop-alle-produkte.jpg","width":512,"height":512,"caption":"Reale Selection"},"image":{"@id":"https:\/\/teasense.ch\/fr\/#\/schema\/logo\/image\/"},"sameAs":["https:\/\/www.facebook.com\/teasense.ch"]}]}},"jetpack-related-posts":[{"id":48451,"url":"https:\/\/teasense.ch\/fr\/produit\/composition-the\/","url_meta":{"origin":48568,"position":0},"title":"Composition de th\u00e9","author":"Reale Selection","date":"16. December 2025","format":false,"excerpt":"Pr\u00e9paration \ud83e\udd44 1 \u2013 2 c. \u00e0 caf\u00e9 par tasse (12 g\/litre)\ud83c\udf21\ufe0f 100 \u00b0C\u23f3 3 minutes","rel":"","context":"Similar post","block_context":{"text":"Similar post","link":""},"img":{"alt_text":"Tee Trilogie \u2013 Schwarz-, Gr\u00fcn- und Pu-Erh-Tee","src":"https:\/\/i0.wp.com\/teasense.ch\/wp-content\/uploads\/2025\/12\/tee-trilogie-%E2%80%93-schwarz-gruen-und-pu-erh-tee.png?resize=350%2C200&ssl=1","width":350,"height":200,"srcset":"https:\/\/i0.wp.com\/teasense.ch\/wp-content\/uploads\/2025\/12\/tee-trilogie-%E2%80%93-schwarz-gruen-und-pu-erh-tee.png?resize=350%2C200&ssl=1 1x, https:\/\/i0.wp.com\/teasense.ch\/wp-content\/uploads\/2025\/12\/tee-trilogie-%E2%80%93-schwarz-gruen-und-pu-erh-tee.png?resize=525%2C300&ssl=1 1.5x, https:\/\/i0.wp.com\/teasense.ch\/wp-content\/uploads\/2025\/12\/tee-trilogie-%E2%80%93-schwarz-gruen-und-pu-erh-tee.png?resize=700%2C400&ssl=1 2x"},"classes":[]},{"id":48175,"url":"https:\/\/teasense.ch\/fr\/produit\/tisane-douce-nuit\/","url_meta":{"origin":48568,"position":1},"title":"Tisane Douce Nuit","author":"Reale Selection","date":"23. October 2024","format":false,"excerpt":"Pr\u00e9paration de la Tisane Douce Nuit \ud83e\udd44 1 cuill\u00e8re \u00e0 caf\u00e9 par tasse (14 g\/litre)\ud83c\udf21\ufe0f 100 \u00b0C\u23f3 5 minutes","rel":"","context":"Similar post","block_context":{"text":"Similar post","link":""},"img":{"alt_text":"Schlafm\u00fctze Kr\u00e4utertee weisser Hintergrund","src":"https:\/\/i0.wp.com\/teasense.ch\/wp-content\/uploads\/2024\/10\/schlafmuetze-kraeutertee-weisser-hintergrund.png?resize=350%2C200&ssl=1","width":350,"height":200,"srcset":"https:\/\/i0.wp.com\/teasense.ch\/wp-content\/uploads\/2024\/10\/schlafmuetze-kraeutertee-weisser-hintergrund.png?resize=350%2C200&ssl=1 1x, https:\/\/i0.wp.com\/teasense.ch\/wp-content\/uploads\/2024\/10\/schlafmuetze-kraeutertee-weisser-hintergrund.png?resize=525%2C300&ssl=1 1.5x, https:\/\/i0.wp.com\/teasense.ch\/wp-content\/uploads\/2024\/10\/schlafmuetze-kraeutertee-weisser-hintergrund.png?resize=700%2C400&ssl=1 2x"},"classes":[]},{"id":48522,"url":"https:\/\/teasense.ch\/fr\/produit\/feuilles-stevia\/","url_meta":{"origin":48568,"position":2},"title":"Feuilles de stevia","author":"Reale Selection","date":"10. November 2025","format":false,"excerpt":"Pr\u00e9paration Feuilles de stevia \ud83e\udd44 cuill\u00e8re \u00e0 caf\u00e9 par tasse dans le m\u00e9lange \ud83c\udf21\ufe0f 100 \u00b0C \u23f3 5\u20138 minutes (selon le m\u00e9lange)","rel":"","context":"Similar post","block_context":{"text":"Similar post","link":""},"img":{"alt_text":"Stevia Bl\u00e4tter als Tee Zutat f\u00fcr Fr\u00fcchte und Kr\u00e4utertee","src":"https:\/\/i0.wp.com\/teasense.ch\/wp-content\/uploads\/2025\/11\/steviablaetter-als-tee.png?resize=350%2C200&ssl=1","width":350,"height":200,"srcset":"https:\/\/i0.wp.com\/teasense.ch\/wp-content\/uploads\/2025\/11\/steviablaetter-als-tee.png?resize=350%2C200&ssl=1 1x, https:\/\/i0.wp.com\/teasense.ch\/wp-content\/uploads\/2025\/11\/steviablaetter-als-tee.png?resize=525%2C300&ssl=1 1.5x, https:\/\/i0.wp.com\/teasense.ch\/wp-content\/uploads\/2025\/11\/steviablaetter-als-tee.png?resize=700%2C400&ssl=1 2x"},"classes":[]},{"id":48465,"url":"https:\/\/teasense.ch\/fr\/produit\/cuillere-the-bois-7-cm\/","url_meta":{"origin":48568,"position":3},"title":"Cuill\u00e8re \u00e0 th\u00e9 en bois 7 cm","author":"Reale Selection","date":"16. November 2025","format":false,"excerpt":"Mat\u00e9riau: bois Longueur: 7 cm","rel":"","context":"Similar post","block_context":{"text":"Similar post","link":""},"img":{"alt_text":"Teeschaufel aus Holz 7 cm f\u00fcr Losen Tee oder Gew\u00fcrze","src":"https:\/\/i0.wp.com\/teasense.ch\/wp-content\/uploads\/2025\/11\/teeschaufel-aus-holz-7-cm.png?resize=350%2C200&ssl=1","width":350,"height":200,"srcset":"https:\/\/i0.wp.com\/teasense.ch\/wp-content\/uploads\/2025\/11\/teeschaufel-aus-holz-7-cm.png?resize=350%2C200&ssl=1 1x, https:\/\/i0.wp.com\/teasense.ch\/wp-content\/uploads\/2025\/11\/teeschaufel-aus-holz-7-cm.png?resize=525%2C300&ssl=1 1.5x, https:\/\/i0.wp.com\/teasense.ch\/wp-content\/uploads\/2025\/11\/teeschaufel-aus-holz-7-cm.png?resize=700%2C400&ssl=1 2x"},"classes":[]},{"id":48541,"url":"https:\/\/teasense.ch\/fr\/produit\/soba-cha-the-sarrasin-cuit-au-four\/","url_meta":{"origin":48568,"position":4},"title":"Soba Cha \u2013 th\u00e9 de sarrasin (cuit au four)","author":"Reale Selection","date":"10. November 2025","format":false,"excerpt":"\ud83e\udd44 2 cuill\u00e8res \u00e0 caf\u00e9 par tasse (14 g\/litre) \ud83c\udf21\ufe0f 100 \u00b0C \u23f3 2 minutes","rel":"","context":"Similar post","block_context":{"text":"Similar post","link":""},"img":{"alt_text":"Soba Cha \u2013 gebackener Buchweizen Tee","src":"https:\/\/i0.wp.com\/teasense.ch\/wp-content\/uploads\/2025\/11\/buchweizen.png?resize=350%2C200&ssl=1","width":350,"height":200,"srcset":"https:\/\/i0.wp.com\/teasense.ch\/wp-content\/uploads\/2025\/11\/buchweizen.png?resize=350%2C200&ssl=1 1x, https:\/\/i0.wp.com\/teasense.ch\/wp-content\/uploads\/2025\/11\/buchweizen.png?resize=525%2C300&ssl=1 1.5x, https:\/\/i0.wp.com\/teasense.ch\/wp-content\/uploads\/2025\/11\/buchweizen.png?resize=700%2C400&ssl=1 2x"},"classes":[]},{"id":48559,"url":"https:\/\/teasense.ch\/fr\/produit\/tasse-mate-ceramique-vert-marbre\/","url_meta":{"origin":48568,"position":5},"title":"Tasse \u00e0 mat\u00e9 en c\u00e9ramique \u2013 vert marbr\u00e9","author":"Reale Selection","date":"10. November 2025","format":false,"excerpt":"Mat\u00e9riau: c\u00e9ramique Couleur: gla\u00e7ure verte marbr\u00e9e Contenance: 350 ml","rel":"","context":"Similar post","block_context":{"text":"Similar post","link":""},"img":{"alt_text":"Mate Becher aus Keramik mit Marmor Design Gr\u00fcn","src":"https:\/\/i0.wp.com\/teasense.ch\/wp-content\/uploads\/2025\/11\/mate-becher-keramik.png?resize=350%2C200&ssl=1","width":350,"height":200,"srcset":"https:\/\/i0.wp.com\/teasense.ch\/wp-content\/uploads\/2025\/11\/mate-becher-keramik.png?resize=350%2C200&ssl=1 1x, https:\/\/i0.wp.com\/teasense.ch\/wp-content\/uploads\/2025\/11\/mate-becher-keramik.png?resize=525%2C300&ssl=1 1.5x, https:\/\/i0.wp.com\/teasense.ch\/wp-content\/uploads\/2025\/11\/mate-becher-keramik.png?resize=700%2C400&ssl=1 2x"},"classes":[]}],"jetpack_sharing_enabled":true,"jetpack_likes_enabled":false,"_links":{"self":[{"href":"https:\/\/teasense.ch\/fr\/wp-json\/wp\/v2\/product\/48568","targetHints":{"allow":["GET"]}}],"collection":[{"href":"https:\/\/teasense.ch\/fr\/wp-json\/wp\/v2\/product"}],"about":[{"href":"https:\/\/teasense.ch\/fr\/wp-json\/wp\/v2\/types\/product"}],"replies":[{"embeddable":true,"href":"https:\/\/teasense.ch\/fr\/wp-json\/wp\/v2\/comments?post=48568"}],"wp:featuredmedia":[{"embeddable":true,"href":"https:\/\/teasense.ch\/fr\/wp-json\/wp\/v2\/media\/47184"}],"wp:attachment":[{"href":"https:\/\/teasense.ch\/fr\/wp-json\/wp\/v2\/media?parent=48568"}],"wp:term":[{"taxonomy":"product_brand","embeddable":true,"href":"https:\/\/teasense.ch\/fr\/wp-json\/wp\/v2\/product_brand?post=48568"},{"taxonomy":"product_cat","embeddable":true,"href":"https:\/\/teasense.ch\/fr\/wp-json\/wp\/v2\/product_cat?post=48568"},{"taxonomy":"product_tag","embeddable":true,"href":"https:\/\/teasense.ch\/fr\/wp-json\/wp\/v2\/product_tag?post=48568"}],"curies":[{"name":"wp","href":"https:\/\/api.w.org\/{rel}","templated":true}]}}