{"id":48752,"date":"2025-10-01T15:07:55","date_gmt":"2025-10-01T13:07:55","guid":{"rendered":"https:\/\/teasense.ch\/produkt\/the-vert-bancha-japon\/"},"modified":"2025-10-01T15:07:55","modified_gmt":"2025-10-01T13:07:55","slug":"the-vert-bancha-japon","status":"publish","type":"product","link":"https:\/\/teasense.ch\/fr\/produit\/the-vert-bancha-japon\/","title":{"rendered":"Th\u00e9 vert Bancha du Japon"},"content":{"rendered":"<h2>Th\u00e9 vert Bancha du Japon \u2013 doux et \u00e9quilibr\u00e9<\/h2>\n<p>Le Bancha japonais est un th\u00e9 vert de qualit\u00e9, compos\u00e9 de feuilles plus grandes issues de r\u00e9coltes tardives. Il se distingue par son go\u00fbt particuli\u00e8rement doux et l\u00e9ger, id\u00e9al pour une consommation quotidienne. Les longues feuilles se d\u00e9ploient en une infusion claire, vert p\u00e2le, au caract\u00e8re frais et apaisant.<br \/>R\u00e9colt\u00e9 plus tard dans la saison, le Bancha contient moins de caf\u00e9ine et offre un profil plus doux que de nombreux autres th\u00e9s verts. Il convient ainsi \u00e0 tout moment de la journ\u00e9e.  <\/p>\n<h3>Pr\u00e9paration th\u00e9 vert Bancha du Japon<\/h3>\n<p>Utiliser 12 \u00e0 15 grammes par litre d\u2019eau. Chauffer l\u2019eau \u00e0 80\u201390 \u00b0C et laisser infuser 1,5 \u00e0 2 minutes. On obtient une tasse de th\u00e9 vert l\u00e9g\u00e8re, douce et rafra\u00eechissante.  <\/p>\n<h4>D\u00e9couvrir d\u2019autres th\u00e9s verts<\/h4>\n<p>Si tu aimes le th\u00e9 vert, d\u00e9couvre aussi notre <a href=\"https:\/\/teasense.ch\/produit\/japan-genmaicha\/\">Genmaicha japonais<\/a>. <\/p>\n","protected":false},"excerpt":{"rendered":"<h4>Pr\u00e9paration th\u00e9 vert Bancha du Japon<\/h4>\n<p>\ud83e\udd44 12\u201315 g par litre<br \/>\n\ud83c\udf21\ufe0f 80\u201390 \u00b0C<br \/>\n\u23f3 1,5\u20132 minutes<\/p>\n","protected":false},"featured_media":47235,"comment_status":"open","ping_status":"closed","template":"","meta":{"_et_pb_use_builder":"","_et_pb_old_content":"","_et_gb_content_width":""},"product_brand":[],"product_cat":[375,415,348],"product_tag":[],"class_list":{"0":"post-48752","1":"product","2":"type-product","3":"status-publish","4":"has-post-thumbnail","6":"product_cat-the-en-vrac","7":"product_cat-the-vert","8":"product_cat-tous-produits","9":"pa_herkunft-japon","10":"pa_weight-100-g","11":"pa_weight-200-g","12":"pa_weight-400-g","13":"pa_weight-50-g","15":"first","16":"instock","17":"shipping-taxable","18":"purchasable","19":"product-type-variable","20":"has-default-attributes","21":"add-to-wishlist-before_image"},"yoast_head":"<!-- This site is optimized with the Yoast SEO plugin v27.5 - https:\/\/yoast.com\/product\/yoast-seo-wordpress\/ -->\n<title>Th\u00e9 vert Bancha du Japon - TeaSense.ch - Tee Shop Schweiz<\/title>\n<meta name=\"description\" content=\"Th\u00e9 vert Bancha du Japon \ud83c\udf43 Doux, l\u00e9ger et peu caf\u00e9in\u00e9 \u2013 parfait pour un th\u00e9 quotidien \u00e9quilibr\u00e9.\" \/>\n<meta name=\"robots\" content=\"index, follow, max-snippet:-1, max-image-preview:large, max-video-preview:-1\" \/>\n<link rel=\"canonical\" href=\"https:\/\/teasense.ch\/fr\/produit\/the-vert-bancha-japon\/\" \/>\n<meta property=\"og:locale\" content=\"fr_FR\" \/>\n<meta property=\"og:type\" content=\"article\" \/>\n<meta property=\"og:title\" content=\"Th\u00e9 vert Bancha du Japon - TeaSense.ch - Tee Shop Schweiz\" \/>\n<meta property=\"og:description\" content=\"Th\u00e9 vert Bancha du Japon \ud83c\udf43 Doux, l\u00e9ger et peu caf\u00e9in\u00e9 \u2013 parfait pour un th\u00e9 quotidien \u00e9quilibr\u00e9.\" \/>\n<meta property=\"og:url\" content=\"https:\/\/teasense.ch\/fr\/produit\/the-vert-bancha-japon\/\" \/>\n<meta property=\"og:site_name\" content=\"TeaSense.ch - Tee Shop Schweiz\" \/>\n<meta property=\"article:publisher\" content=\"https:\/\/www.facebook.com\/teasense.ch\" \/>\n<meta property=\"og:image\" content=\"https:\/\/teasense.ch\/wp-content\/uploads\/2025\/10\/japan-bancha1.png\" \/>\n\t<meta property=\"og:image:width\" content=\"800\" \/>\n\t<meta property=\"og:image:height\" content=\"800\" \/>\n\t<meta property=\"og:image:type\" content=\"image\/png\" \/>\n<meta name=\"twitter:card\" content=\"summary_large_image\" \/>\n<meta name=\"twitter:label1\" content=\"Est. reading time\" \/>\n\t<meta name=\"twitter:data1\" content=\"1 minute\" \/>\n<!-- \/ Yoast SEO plugin. -->","yoast_head_json":{"title":"Th\u00e9 vert Bancha du Japon - TeaSense.ch - Tee Shop Schweiz","description":"Th\u00e9 vert Bancha du Japon \ud83c\udf43 Doux, l\u00e9ger et peu caf\u00e9in\u00e9 \u2013 parfait pour un th\u00e9 quotidien \u00e9quilibr\u00e9.","robots":{"index":"index","follow":"follow","max-snippet":"max-snippet:-1","max-image-preview":"max-image-preview:large","max-video-preview":"max-video-preview:-1"},"canonical":"https:\/\/teasense.ch\/fr\/produit\/the-vert-bancha-japon\/","og_locale":"fr_FR","og_type":"article","og_title":"Th\u00e9 vert Bancha du Japon - TeaSense.ch - Tee Shop Schweiz","og_description":"Th\u00e9 vert Bancha du Japon \ud83c\udf43 Doux, l\u00e9ger et peu caf\u00e9in\u00e9 \u2013 parfait pour un th\u00e9 quotidien \u00e9quilibr\u00e9.","og_url":"https:\/\/teasense.ch\/fr\/produit\/the-vert-bancha-japon\/","og_site_name":"TeaSense.ch - Tee Shop Schweiz","article_publisher":"https:\/\/www.facebook.com\/teasense.ch","og_image":[{"width":800,"height":800,"url":"https:\/\/teasense.ch\/wp-content\/uploads\/2025\/10\/japan-bancha1.png","type":"image\/png"}],"twitter_card":"summary_large_image","twitter_misc":{"Est. reading time":"1 minute"},"schema":{"@context":"https:\/\/schema.org","@graph":[{"@type":"WebPage","@id":"https:\/\/teasense.ch\/fr\/produit\/the-vert-bancha-japon\/","url":"https:\/\/teasense.ch\/fr\/produit\/the-vert-bancha-japon\/","name":"Th\u00e9 vert Bancha du Japon - TeaSense.ch - Tee Shop Schweiz","isPartOf":{"@id":"https:\/\/teasense.ch\/fr\/#website"},"primaryImageOfPage":{"@id":"https:\/\/teasense.ch\/fr\/produit\/the-vert-bancha-japon\/#primaryimage"},"image":{"@id":"https:\/\/teasense.ch\/fr\/produit\/the-vert-bancha-japon\/#primaryimage"},"thumbnailUrl":"https:\/\/teasense.ch\/wp-content\/uploads\/2025\/10\/japan-bancha1.png","datePublished":"2025-10-01T13:07:55+00:00","description":"Th\u00e9 vert Bancha du Japon \ud83c\udf43 Doux, l\u00e9ger et peu caf\u00e9in\u00e9 \u2013 parfait pour un th\u00e9 quotidien \u00e9quilibr\u00e9.","breadcrumb":{"@id":"https:\/\/teasense.ch\/fr\/produit\/the-vert-bancha-japon\/#breadcrumb"},"inLanguage":"fr-CH","potentialAction":[{"@type":"ReadAction","target":["https:\/\/teasense.ch\/fr\/produit\/the-vert-bancha-japon\/"]}]},{"@type":"ImageObject","inLanguage":"fr-CH","@id":"https:\/\/teasense.ch\/fr\/produit\/the-vert-bancha-japon\/#primaryimage","url":"https:\/\/teasense.ch\/wp-content\/uploads\/2025\/10\/japan-bancha1.png","contentUrl":"https:\/\/teasense.ch\/wp-content\/uploads\/2025\/10\/japan-bancha1.png","width":800,"height":800,"caption":"Japan Bancha \u2013 milder Gr\u00fcntee mit langem Blatt"},{"@type":"BreadcrumbList","@id":"https:\/\/teasense.ch\/fr\/produit\/the-vert-bancha-japon\/#breadcrumb","itemListElement":[{"@type":"ListItem","position":1,"name":"Startseite","item":"https:\/\/teasense.ch\/fr\/startseite\/"},{"@type":"ListItem","position":2,"name":"Boutique de th\u00e9 en ligne","item":"https:\/\/teasense.ch\/fr\/shop\/"},{"@type":"ListItem","position":3,"name":"Th\u00e9 vert Bancha du Japon"}]},{"@type":"WebSite","@id":"https:\/\/teasense.ch\/fr\/#website","url":"https:\/\/teasense.ch\/fr\/","name":"TeaSense.ch","description":"Nat\u00fcrliche Teemischungen und klassischer Tee","publisher":{"@id":"https:\/\/teasense.ch\/fr\/#organization"},"alternateName":"TeaSense","potentialAction":[{"@type":"SearchAction","target":{"@type":"EntryPoint","urlTemplate":"https:\/\/teasense.ch\/fr\/?s={search_term_string}"},"query-input":{"@type":"PropertyValueSpecification","valueRequired":true,"valueName":"search_term_string"}}],"inLanguage":"fr-CH"},{"@type":"Organization","@id":"https:\/\/teasense.ch\/fr\/#organization","name":"Reale Selection","alternateName":"TeaSense.ch","url":"https:\/\/teasense.ch\/fr\/","logo":{"@type":"ImageObject","inLanguage":"fr-CH","@id":"https:\/\/teasense.ch\/fr\/#\/schema\/logo\/image\/","url":"https:\/\/teasense.ch\/wp-content\/uploads\/2023\/07\/cropped-logo-teasense-kategorie-onlineshop-alle-produkte.jpg","contentUrl":"https:\/\/teasense.ch\/wp-content\/uploads\/2023\/07\/cropped-logo-teasense-kategorie-onlineshop-alle-produkte.jpg","width":512,"height":512,"caption":"Reale Selection"},"image":{"@id":"https:\/\/teasense.ch\/fr\/#\/schema\/logo\/image\/"},"sameAs":["https:\/\/www.facebook.com\/teasense.ch"]}]}},"jetpack-related-posts":[{"id":48559,"url":"https:\/\/teasense.ch\/fr\/produit\/tasse-mate-ceramique-vert-marbre\/","url_meta":{"origin":48752,"position":0},"title":"Tasse \u00e0 mat\u00e9 en c\u00e9ramique \u2013 vert marbr\u00e9","author":"Reale Selection","date":"10. November 2025","format":false,"excerpt":"Mat\u00e9riau: c\u00e9ramique Couleur: gla\u00e7ure verte marbr\u00e9e Contenance: 350 ml","rel":"","context":"Similar post","block_context":{"text":"Similar post","link":""},"img":{"alt_text":"Mate Becher aus Keramik mit Marmor Design Gr\u00fcn","src":"https:\/\/i0.wp.com\/teasense.ch\/wp-content\/uploads\/2025\/11\/mate-becher-keramik.png?resize=350%2C200&ssl=1","width":350,"height":200,"srcset":"https:\/\/i0.wp.com\/teasense.ch\/wp-content\/uploads\/2025\/11\/mate-becher-keramik.png?resize=350%2C200&ssl=1 1x, https:\/\/i0.wp.com\/teasense.ch\/wp-content\/uploads\/2025\/11\/mate-becher-keramik.png?resize=525%2C300&ssl=1 1.5x, https:\/\/i0.wp.com\/teasense.ch\/wp-content\/uploads\/2025\/11\/mate-becher-keramik.png?resize=700%2C400&ssl=1 2x"},"classes":[]},{"id":48451,"url":"https:\/\/teasense.ch\/fr\/produit\/composition-the\/","url_meta":{"origin":48752,"position":1},"title":"Composition de th\u00e9","author":"Reale Selection","date":"16. December 2025","format":false,"excerpt":"Pr\u00e9paration \ud83e\udd44 1 \u2013 2 c. \u00e0 caf\u00e9 par tasse (12 g\/litre)\ud83c\udf21\ufe0f 100 \u00b0C\u23f3 3 minutes","rel":"","context":"Similar post","block_context":{"text":"Similar post","link":""},"img":{"alt_text":"Tee Trilogie \u2013 Schwarz-, Gr\u00fcn- und Pu-Erh-Tee","src":"https:\/\/i0.wp.com\/teasense.ch\/wp-content\/uploads\/2025\/12\/tee-trilogie-%E2%80%93-schwarz-gruen-und-pu-erh-tee.png?resize=350%2C200&ssl=1","width":350,"height":200,"srcset":"https:\/\/i0.wp.com\/teasense.ch\/wp-content\/uploads\/2025\/12\/tee-trilogie-%E2%80%93-schwarz-gruen-und-pu-erh-tee.png?resize=350%2C200&ssl=1 1x, https:\/\/i0.wp.com\/teasense.ch\/wp-content\/uploads\/2025\/12\/tee-trilogie-%E2%80%93-schwarz-gruen-und-pu-erh-tee.png?resize=525%2C300&ssl=1 1.5x, https:\/\/i0.wp.com\/teasense.ch\/wp-content\/uploads\/2025\/12\/tee-trilogie-%E2%80%93-schwarz-gruen-und-pu-erh-tee.png?resize=700%2C400&ssl=1 2x"},"classes":[]},{"id":48631,"url":"https:\/\/teasense.ch\/fr\/produit\/tisane-feuilles-framboisier\/","url_meta":{"origin":48752,"position":2},"title":"Tisane de feuilles de framboisier","author":"Reale Selection","date":"13. October 2025","format":false,"excerpt":"Pr\u00e9paration feuilles de framboisier \ud83e\udd44 1-2 cuill\u00e8res \u00e0 caf\u00e9 pour 200 ml\ud83c\udf21\ufe0f 95 \u00b0C\u23f3 5-7 minutes","rel":"","context":"Similar post","block_context":{"text":"Similar post","link":""},"img":{"alt_text":"Himbeerbl\u00e4tter Tee \u2013 mild, aromatisch und wohlschmeckend","src":"https:\/\/i0.wp.com\/teasense.ch\/wp-content\/uploads\/2025\/10\/himbeerblaetter.png?resize=350%2C200&ssl=1","width":350,"height":200,"srcset":"https:\/\/i0.wp.com\/teasense.ch\/wp-content\/uploads\/2025\/10\/himbeerblaetter.png?resize=350%2C200&ssl=1 1x, https:\/\/i0.wp.com\/teasense.ch\/wp-content\/uploads\/2025\/10\/himbeerblaetter.png?resize=525%2C300&ssl=1 1.5x, https:\/\/i0.wp.com\/teasense.ch\/wp-content\/uploads\/2025\/10\/himbeerblaetter.png?resize=700%2C400&ssl=1 2x"},"classes":[]},{"id":48465,"url":"https:\/\/teasense.ch\/fr\/produit\/cuillere-the-bois-7-cm\/","url_meta":{"origin":48752,"position":3},"title":"Cuill\u00e8re \u00e0 th\u00e9 en bois 7 cm","author":"Reale Selection","date":"16. November 2025","format":false,"excerpt":"Mat\u00e9riau: bois Longueur: 7 cm","rel":"","context":"Similar post","block_context":{"text":"Similar post","link":""},"img":{"alt_text":"Teeschaufel aus Holz 7 cm f\u00fcr Losen Tee oder Gew\u00fcrze","src":"https:\/\/i0.wp.com\/teasense.ch\/wp-content\/uploads\/2025\/11\/teeschaufel-aus-holz-7-cm.png?resize=350%2C200&ssl=1","width":350,"height":200,"srcset":"https:\/\/i0.wp.com\/teasense.ch\/wp-content\/uploads\/2025\/11\/teeschaufel-aus-holz-7-cm.png?resize=350%2C200&ssl=1 1x, https:\/\/i0.wp.com\/teasense.ch\/wp-content\/uploads\/2025\/11\/teeschaufel-aus-holz-7-cm.png?resize=525%2C300&ssl=1 1.5x, https:\/\/i0.wp.com\/teasense.ch\/wp-content\/uploads\/2025\/11\/teeschaufel-aus-holz-7-cm.png?resize=700%2C400&ssl=1 2x"},"classes":[]},{"id":48507,"url":"https:\/\/teasense.ch\/fr\/produit\/bol-matcha-bec-verseur\/","url_meta":{"origin":48752,"position":4},"title":"Bol matcha avec bec verseur","author":"Reale Selection","date":"11. November 2025","format":false,"excerpt":"Bol matcha en porcelaine avec bec verseur, 350 ml","rel":"","context":"Similar post","block_context":{"text":"Similar post","link":""},"img":{"alt_text":"Matcha-Schale aus Porzellan mit Ausguss weiss","src":"https:\/\/i0.wp.com\/teasense.ch\/wp-content\/uploads\/2025\/11\/matcha-schale-aus-porzellan-mit-ausguss.png?resize=350%2C200&ssl=1","width":350,"height":200,"srcset":"https:\/\/i0.wp.com\/teasense.ch\/wp-content\/uploads\/2025\/11\/matcha-schale-aus-porzellan-mit-ausguss.png?resize=350%2C200&ssl=1 1x, https:\/\/i0.wp.com\/teasense.ch\/wp-content\/uploads\/2025\/11\/matcha-schale-aus-porzellan-mit-ausguss.png?resize=525%2C300&ssl=1 1.5x, https:\/\/i0.wp.com\/teasense.ch\/wp-content\/uploads\/2025\/11\/matcha-schale-aus-porzellan-mit-ausguss.png?resize=700%2C400&ssl=1 2x"},"classes":[]},{"id":48541,"url":"https:\/\/teasense.ch\/fr\/produit\/soba-cha-the-sarrasin-cuit-au-four\/","url_meta":{"origin":48752,"position":5},"title":"Soba Cha \u2013 th\u00e9 de sarrasin (cuit au four)","author":"Reale Selection","date":"10. November 2025","format":false,"excerpt":"\ud83e\udd44 2 cuill\u00e8res \u00e0 caf\u00e9 par tasse (14 g\/litre) \ud83c\udf21\ufe0f 100 \u00b0C \u23f3 2 minutes","rel":"","context":"Similar post","block_context":{"text":"Similar post","link":""},"img":{"alt_text":"Soba Cha \u2013 gebackener Buchweizen Tee","src":"https:\/\/i0.wp.com\/teasense.ch\/wp-content\/uploads\/2025\/11\/buchweizen.png?resize=350%2C200&ssl=1","width":350,"height":200,"srcset":"https:\/\/i0.wp.com\/teasense.ch\/wp-content\/uploads\/2025\/11\/buchweizen.png?resize=350%2C200&ssl=1 1x, https:\/\/i0.wp.com\/teasense.ch\/wp-content\/uploads\/2025\/11\/buchweizen.png?resize=525%2C300&ssl=1 1.5x, https:\/\/i0.wp.com\/teasense.ch\/wp-content\/uploads\/2025\/11\/buchweizen.png?resize=700%2C400&ssl=1 2x"},"classes":[]}],"jetpack_sharing_enabled":true,"jetpack_likes_enabled":false,"_links":{"self":[{"href":"https:\/\/teasense.ch\/fr\/wp-json\/wp\/v2\/product\/48752","targetHints":{"allow":["GET"]}}],"collection":[{"href":"https:\/\/teasense.ch\/fr\/wp-json\/wp\/v2\/product"}],"about":[{"href":"https:\/\/teasense.ch\/fr\/wp-json\/wp\/v2\/types\/product"}],"replies":[{"embeddable":true,"href":"https:\/\/teasense.ch\/fr\/wp-json\/wp\/v2\/comments?post=48752"}],"wp:featuredmedia":[{"embeddable":true,"href":"https:\/\/teasense.ch\/fr\/wp-json\/wp\/v2\/media\/47235"}],"wp:attachment":[{"href":"https:\/\/teasense.ch\/fr\/wp-json\/wp\/v2\/media?parent=48752"}],"wp:term":[{"taxonomy":"product_brand","embeddable":true,"href":"https:\/\/teasense.ch\/fr\/wp-json\/wp\/v2\/product_brand?post=48752"},{"taxonomy":"product_cat","embeddable":true,"href":"https:\/\/teasense.ch\/fr\/wp-json\/wp\/v2\/product_cat?post=48752"},{"taxonomy":"product_tag","embeddable":true,"href":"https:\/\/teasense.ch\/fr\/wp-json\/wp\/v2\/product_tag?post=48752"}],"curies":[{"name":"wp","href":"https:\/\/api.w.org\/{rel}","templated":true}]}}