{"id":48773,"date":"2025-09-30T16:27:05","date_gmt":"2025-09-30T14:27:05","guid":{"rendered":"https:\/\/teasense.ch\/produkt\/genmaicha-japon-the-vert\/"},"modified":"2025-09-30T16:27:05","modified_gmt":"2025-09-30T14:27:05","slug":"genmaicha-japon-the-vert","status":"publish","type":"product","link":"https:\/\/teasense.ch\/fr\/produit\/genmaicha-japon-the-vert\/","title":{"rendered":"Genmaicha du Japon"},"content":{"rendered":"<h2>Genmaicha du Japon \u2013 th\u00e9 vert au riz grill\u00e9<\/h2>\n<p>Le Genmaicha est un m\u00e9lange traditionnel japonais compos\u00e9 de th\u00e9 vert Bancha et de riz souffl\u00e9 grill\u00e9. Lors de la torr\u00e9faction, certains grains de riz \u00e9clatent, ce qui vaut \u00e0 ce th\u00e9 le surnom de \u00ab th\u00e9 popcorn \u00bb.<br \/>Son go\u00fbt associe la fra\u00eecheur du th\u00e9 vert \u00e0 des notes l\u00e9g\u00e8rement grill\u00e9es et noisett\u00e9es apport\u00e9es par le riz. Il en r\u00e9sulte une infusion \u00e9quilibr\u00e9e, douce et chaleureuse. Le Genmaicha est appr\u00e9ci\u00e9 au Japon depuis des si\u00e8cles comme th\u00e9 du quotidien.   <\/p>\n<p><strong>Ingr\u00e9dients<\/strong>: th\u00e9 vert (Bancha), riz souffl\u00e9 grill\u00e9. <\/p>\n<h3>Pr\u00e9paration Genmaicha du Japon<\/h3>\n<p>Utiliser 12 \u00e0 15 grammes par litre d\u2019eau. Verser de l\u2019eau \u00e0 80\u201390 \u00b0C et laisser infuser 1 \u00e0 2 minutes. On obtient une tasse dor\u00e9e, \u00e9quilibr\u00e9e entre fra\u00eecheur et notes grill\u00e9es.  <\/p>\n<h4>D\u00e9couvrir d\u2019autres th\u00e9s verts<\/h4>\n<p>Si tu appr\u00e9cies ce th\u00e9, d\u00e9couvre aussi notre <a href=\"https:\/\/teasense.ch\/produit\/koreanischer-gruentee\/\">th\u00e9 vert cor\u00e9en<\/a>. <\/p>\n","protected":false},"excerpt":{"rendered":"<h4>Pr\u00e9paration Genmaicha du Japon<\/h4>\n<p>\ud83e\udd44 12\u201315 g par litre<br \/>\n\ud83c\udf21\ufe0f 80\u201390 \u00b0C<br \/>\n\u23f3 1\u20132 minutes<\/p>\n","protected":false},"featured_media":47174,"comment_status":"open","ping_status":"closed","template":"","meta":{"_et_pb_use_builder":"","_et_pb_old_content":"","_et_gb_content_width":""},"product_brand":[],"product_cat":[375,415,348],"product_tag":[],"class_list":{"0":"post-48773","1":"product","2":"type-product","3":"status-publish","4":"has-post-thumbnail","6":"product_cat-the-en-vrac","7":"product_cat-the-vert","8":"product_cat-tous-produits","9":"pa_herkunft-japon","10":"pa_weight-100-g","11":"pa_weight-200-g","12":"pa_weight-400-g","13":"pa_weight-50-g","15":"first","16":"instock","17":"shipping-taxable","18":"purchasable","19":"product-type-variable","20":"has-default-attributes","21":"add-to-wishlist-before_image"},"yoast_head":"<!-- This site is optimized with the Yoast SEO plugin v27.5 - https:\/\/yoast.com\/product\/yoast-seo-wordpress\/ -->\n<title>Genmaicha du Japon - TeaSense.ch - Tee Shop Schweiz<\/title>\n<meta name=\"description\" content=\"Genmaicha japonais \ud83c\udf43 Th\u00e9 vert avec riz grill\u00e9 \u2013 notes noisett\u00e9es et l\u00e9g\u00e8rement toast\u00e9es pour une tasse \u00e9quilibr\u00e9e.\" \/>\n<meta name=\"robots\" content=\"index, follow, max-snippet:-1, max-image-preview:large, max-video-preview:-1\" \/>\n<link rel=\"canonical\" href=\"https:\/\/teasense.ch\/fr\/produit\/genmaicha-japon-the-vert\/\" \/>\n<meta property=\"og:locale\" content=\"fr_FR\" \/>\n<meta property=\"og:type\" content=\"article\" \/>\n<meta property=\"og:title\" content=\"Genmaicha du Japon - TeaSense.ch - Tee Shop Schweiz\" \/>\n<meta property=\"og:description\" content=\"Genmaicha japonais \ud83c\udf43 Th\u00e9 vert avec riz grill\u00e9 \u2013 notes noisett\u00e9es et l\u00e9g\u00e8rement toast\u00e9es pour une tasse \u00e9quilibr\u00e9e.\" \/>\n<meta property=\"og:url\" content=\"https:\/\/teasense.ch\/fr\/produit\/genmaicha-japon-the-vert\/\" \/>\n<meta property=\"og:site_name\" content=\"TeaSense.ch - Tee Shop Schweiz\" \/>\n<meta property=\"article:publisher\" content=\"https:\/\/www.facebook.com\/teasense.ch\" \/>\n<meta property=\"og:image\" content=\"https:\/\/teasense.ch\/wp-content\/uploads\/2025\/09\/genmaicha1.png\" \/>\n\t<meta property=\"og:image:width\" content=\"800\" \/>\n\t<meta property=\"og:image:height\" content=\"800\" \/>\n\t<meta property=\"og:image:type\" content=\"image\/png\" \/>\n<meta name=\"twitter:card\" content=\"summary_large_image\" \/>\n<meta name=\"twitter:label1\" content=\"Est. reading time\" \/>\n\t<meta name=\"twitter:data1\" content=\"1 minute\" \/>\n<!-- \/ Yoast SEO plugin. -->","yoast_head_json":{"title":"Genmaicha du Japon - TeaSense.ch - Tee Shop Schweiz","description":"Genmaicha japonais \ud83c\udf43 Th\u00e9 vert avec riz grill\u00e9 \u2013 notes noisett\u00e9es et l\u00e9g\u00e8rement toast\u00e9es pour une tasse \u00e9quilibr\u00e9e.","robots":{"index":"index","follow":"follow","max-snippet":"max-snippet:-1","max-image-preview":"max-image-preview:large","max-video-preview":"max-video-preview:-1"},"canonical":"https:\/\/teasense.ch\/fr\/produit\/genmaicha-japon-the-vert\/","og_locale":"fr_FR","og_type":"article","og_title":"Genmaicha du Japon - TeaSense.ch - Tee Shop Schweiz","og_description":"Genmaicha japonais \ud83c\udf43 Th\u00e9 vert avec riz grill\u00e9 \u2013 notes noisett\u00e9es et l\u00e9g\u00e8rement toast\u00e9es pour une tasse \u00e9quilibr\u00e9e.","og_url":"https:\/\/teasense.ch\/fr\/produit\/genmaicha-japon-the-vert\/","og_site_name":"TeaSense.ch - Tee Shop Schweiz","article_publisher":"https:\/\/www.facebook.com\/teasense.ch","og_image":[{"width":800,"height":800,"url":"https:\/\/teasense.ch\/wp-content\/uploads\/2025\/09\/genmaicha1.png","type":"image\/png"}],"twitter_card":"summary_large_image","twitter_misc":{"Est. reading time":"1 minute"},"schema":{"@context":"https:\/\/schema.org","@graph":[{"@type":"WebPage","@id":"https:\/\/teasense.ch\/fr\/produit\/genmaicha-japon-the-vert\/","url":"https:\/\/teasense.ch\/fr\/produit\/genmaicha-japon-the-vert\/","name":"Genmaicha du Japon - TeaSense.ch - Tee Shop Schweiz","isPartOf":{"@id":"https:\/\/teasense.ch\/fr\/#website"},"primaryImageOfPage":{"@id":"https:\/\/teasense.ch\/fr\/produit\/genmaicha-japon-the-vert\/#primaryimage"},"image":{"@id":"https:\/\/teasense.ch\/fr\/produit\/genmaicha-japon-the-vert\/#primaryimage"},"thumbnailUrl":"https:\/\/teasense.ch\/wp-content\/uploads\/2025\/09\/genmaicha1.png","datePublished":"2025-09-30T14:27:05+00:00","description":"Genmaicha japonais \ud83c\udf43 Th\u00e9 vert avec riz grill\u00e9 \u2013 notes noisett\u00e9es et l\u00e9g\u00e8rement toast\u00e9es pour une tasse \u00e9quilibr\u00e9e.","breadcrumb":{"@id":"https:\/\/teasense.ch\/fr\/produit\/genmaicha-japon-the-vert\/#breadcrumb"},"inLanguage":"fr-CH","potentialAction":[{"@type":"ReadAction","target":["https:\/\/teasense.ch\/fr\/produit\/genmaicha-japon-the-vert\/"]}]},{"@type":"ImageObject","inLanguage":"fr-CH","@id":"https:\/\/teasense.ch\/fr\/produit\/genmaicha-japon-the-vert\/#primaryimage","url":"https:\/\/teasense.ch\/wp-content\/uploads\/2025\/09\/genmaicha1.png","contentUrl":"https:\/\/teasense.ch\/wp-content\/uploads\/2025\/09\/genmaicha1.png","width":800,"height":800,"caption":"Japan Genmaicha, Gr\u00fcntee mit ger\u00f6stetem Reis, Popcorn Tee"},{"@type":"BreadcrumbList","@id":"https:\/\/teasense.ch\/fr\/produit\/genmaicha-japon-the-vert\/#breadcrumb","itemListElement":[{"@type":"ListItem","position":1,"name":"Startseite","item":"https:\/\/teasense.ch\/fr\/startseite\/"},{"@type":"ListItem","position":2,"name":"Boutique de th\u00e9 en ligne","item":"https:\/\/teasense.ch\/fr\/shop\/"},{"@type":"ListItem","position":3,"name":"Genmaicha du Japon"}]},{"@type":"WebSite","@id":"https:\/\/teasense.ch\/fr\/#website","url":"https:\/\/teasense.ch\/fr\/","name":"TeaSense.ch","description":"Nat\u00fcrliche Teemischungen und klassischer Tee","publisher":{"@id":"https:\/\/teasense.ch\/fr\/#organization"},"alternateName":"TeaSense","potentialAction":[{"@type":"SearchAction","target":{"@type":"EntryPoint","urlTemplate":"https:\/\/teasense.ch\/fr\/?s={search_term_string}"},"query-input":{"@type":"PropertyValueSpecification","valueRequired":true,"valueName":"search_term_string"}}],"inLanguage":"fr-CH"},{"@type":"Organization","@id":"https:\/\/teasense.ch\/fr\/#organization","name":"Reale Selection","alternateName":"TeaSense.ch","url":"https:\/\/teasense.ch\/fr\/","logo":{"@type":"ImageObject","inLanguage":"fr-CH","@id":"https:\/\/teasense.ch\/fr\/#\/schema\/logo\/image\/","url":"https:\/\/teasense.ch\/wp-content\/uploads\/2023\/07\/cropped-logo-teasense-kategorie-onlineshop-alle-produkte.jpg","contentUrl":"https:\/\/teasense.ch\/wp-content\/uploads\/2023\/07\/cropped-logo-teasense-kategorie-onlineshop-alle-produkte.jpg","width":512,"height":512,"caption":"Reale Selection"},"image":{"@id":"https:\/\/teasense.ch\/fr\/#\/schema\/logo\/image\/"},"sameAs":["https:\/\/www.facebook.com\/teasense.ch"]}]}},"jetpack-related-posts":[{"id":48451,"url":"https:\/\/teasense.ch\/fr\/produit\/composition-the\/","url_meta":{"origin":48773,"position":0},"title":"Composition de th\u00e9","author":"Reale Selection","date":"16. December 2025","format":false,"excerpt":"Pr\u00e9paration \ud83e\udd44 1 \u2013 2 c. \u00e0 caf\u00e9 par tasse (12 g\/litre)\ud83c\udf21\ufe0f 100 \u00b0C\u23f3 3 minutes","rel":"","context":"Similar post","block_context":{"text":"Similar post","link":""},"img":{"alt_text":"Tee Trilogie \u2013 Schwarz-, Gr\u00fcn- und Pu-Erh-Tee","src":"https:\/\/i0.wp.com\/teasense.ch\/wp-content\/uploads\/2025\/12\/tee-trilogie-%E2%80%93-schwarz-gruen-und-pu-erh-tee.png?resize=350%2C200&ssl=1","width":350,"height":200,"srcset":"https:\/\/i0.wp.com\/teasense.ch\/wp-content\/uploads\/2025\/12\/tee-trilogie-%E2%80%93-schwarz-gruen-und-pu-erh-tee.png?resize=350%2C200&ssl=1 1x, https:\/\/i0.wp.com\/teasense.ch\/wp-content\/uploads\/2025\/12\/tee-trilogie-%E2%80%93-schwarz-gruen-und-pu-erh-tee.png?resize=525%2C300&ssl=1 1.5x, https:\/\/i0.wp.com\/teasense.ch\/wp-content\/uploads\/2025\/12\/tee-trilogie-%E2%80%93-schwarz-gruen-und-pu-erh-tee.png?resize=700%2C400&ssl=1 2x"},"classes":[]},{"id":48559,"url":"https:\/\/teasense.ch\/fr\/produit\/tasse-mate-ceramique-vert-marbre\/","url_meta":{"origin":48773,"position":1},"title":"Tasse \u00e0 mat\u00e9 en c\u00e9ramique \u2013 vert marbr\u00e9","author":"Reale Selection","date":"10. November 2025","format":false,"excerpt":"Mat\u00e9riau: c\u00e9ramique Couleur: gla\u00e7ure verte marbr\u00e9e Contenance: 350 ml","rel":"","context":"Similar post","block_context":{"text":"Similar post","link":""},"img":{"alt_text":"Mate Becher aus Keramik mit Marmor Design Gr\u00fcn","src":"https:\/\/i0.wp.com\/teasense.ch\/wp-content\/uploads\/2025\/11\/mate-becher-keramik.png?resize=350%2C200&ssl=1","width":350,"height":200,"srcset":"https:\/\/i0.wp.com\/teasense.ch\/wp-content\/uploads\/2025\/11\/mate-becher-keramik.png?resize=350%2C200&ssl=1 1x, https:\/\/i0.wp.com\/teasense.ch\/wp-content\/uploads\/2025\/11\/mate-becher-keramik.png?resize=525%2C300&ssl=1 1.5x, https:\/\/i0.wp.com\/teasense.ch\/wp-content\/uploads\/2025\/11\/mate-becher-keramik.png?resize=700%2C400&ssl=1 2x"},"classes":[]},{"id":48631,"url":"https:\/\/teasense.ch\/fr\/produit\/tisane-feuilles-framboisier\/","url_meta":{"origin":48773,"position":2},"title":"Tisane de feuilles de framboisier","author":"Reale Selection","date":"13. October 2025","format":false,"excerpt":"Pr\u00e9paration feuilles de framboisier \ud83e\udd44 1-2 cuill\u00e8res \u00e0 caf\u00e9 pour 200 ml\ud83c\udf21\ufe0f 95 \u00b0C\u23f3 5-7 minutes","rel":"","context":"Similar post","block_context":{"text":"Similar post","link":""},"img":{"alt_text":"Himbeerbl\u00e4tter Tee \u2013 mild, aromatisch und wohlschmeckend","src":"https:\/\/i0.wp.com\/teasense.ch\/wp-content\/uploads\/2025\/10\/himbeerblaetter.png?resize=350%2C200&ssl=1","width":350,"height":200,"srcset":"https:\/\/i0.wp.com\/teasense.ch\/wp-content\/uploads\/2025\/10\/himbeerblaetter.png?resize=350%2C200&ssl=1 1x, https:\/\/i0.wp.com\/teasense.ch\/wp-content\/uploads\/2025\/10\/himbeerblaetter.png?resize=525%2C300&ssl=1 1.5x, https:\/\/i0.wp.com\/teasense.ch\/wp-content\/uploads\/2025\/10\/himbeerblaetter.png?resize=700%2C400&ssl=1 2x"},"classes":[]},{"id":48541,"url":"https:\/\/teasense.ch\/fr\/produit\/soba-cha-the-sarrasin-cuit-au-four\/","url_meta":{"origin":48773,"position":3},"title":"Soba Cha \u2013 th\u00e9 de sarrasin (cuit au four)","author":"Reale Selection","date":"10. November 2025","format":false,"excerpt":"\ud83e\udd44 2 cuill\u00e8res \u00e0 caf\u00e9 par tasse (14 g\/litre) \ud83c\udf21\ufe0f 100 \u00b0C \u23f3 2 minutes","rel":"","context":"Similar post","block_context":{"text":"Similar post","link":""},"img":{"alt_text":"Soba Cha \u2013 gebackener Buchweizen Tee","src":"https:\/\/i0.wp.com\/teasense.ch\/wp-content\/uploads\/2025\/11\/buchweizen.png?resize=350%2C200&ssl=1","width":350,"height":200,"srcset":"https:\/\/i0.wp.com\/teasense.ch\/wp-content\/uploads\/2025\/11\/buchweizen.png?resize=350%2C200&ssl=1 1x, https:\/\/i0.wp.com\/teasense.ch\/wp-content\/uploads\/2025\/11\/buchweizen.png?resize=525%2C300&ssl=1 1.5x, https:\/\/i0.wp.com\/teasense.ch\/wp-content\/uploads\/2025\/11\/buchweizen.png?resize=700%2C400&ssl=1 2x"},"classes":[]},{"id":48507,"url":"https:\/\/teasense.ch\/fr\/produit\/bol-matcha-bec-verseur\/","url_meta":{"origin":48773,"position":4},"title":"Bol matcha avec bec verseur","author":"Reale Selection","date":"11. November 2025","format":false,"excerpt":"Bol matcha en porcelaine avec bec verseur, 350 ml","rel":"","context":"Similar post","block_context":{"text":"Similar post","link":""},"img":{"alt_text":"Matcha-Schale aus Porzellan mit Ausguss weiss","src":"https:\/\/i0.wp.com\/teasense.ch\/wp-content\/uploads\/2025\/11\/matcha-schale-aus-porzellan-mit-ausguss.png?resize=350%2C200&ssl=1","width":350,"height":200,"srcset":"https:\/\/i0.wp.com\/teasense.ch\/wp-content\/uploads\/2025\/11\/matcha-schale-aus-porzellan-mit-ausguss.png?resize=350%2C200&ssl=1 1x, https:\/\/i0.wp.com\/teasense.ch\/wp-content\/uploads\/2025\/11\/matcha-schale-aus-porzellan-mit-ausguss.png?resize=525%2C300&ssl=1 1.5x, https:\/\/i0.wp.com\/teasense.ch\/wp-content\/uploads\/2025\/11\/matcha-schale-aus-porzellan-mit-ausguss.png?resize=700%2C400&ssl=1 2x"},"classes":[]},{"id":48156,"url":"https:\/\/teasense.ch\/fr\/produit\/the-noir-cerise-sauvage\/","url_meta":{"origin":48773,"position":5},"title":"Th\u00e9 noir cerise sauvage","author":"Reale Selection","date":"17. December 2025","format":false,"excerpt":"Pr\u00e9paration th\u00e9 noir cerise sauvage naturel \ud83e\udd44 1 \u2013 2 c. \u00e0 c. par tasse (12 g\/litre)\ud83c\udf21\ufe0f 100 \u00b0C\u23f3 3 minutes","rel":"","context":"Similar post","block_context":{"text":"Similar post","link":""},"img":{"alt_text":"Schwarztee Wildkirsche Nat\u00fcrliche Teemischung","src":"https:\/\/i0.wp.com\/teasense.ch\/wp-content\/uploads\/2025\/12\/schwarztee-wildkirsche.png?resize=350%2C200&ssl=1","width":350,"height":200,"srcset":"https:\/\/i0.wp.com\/teasense.ch\/wp-content\/uploads\/2025\/12\/schwarztee-wildkirsche.png?resize=350%2C200&ssl=1 1x, https:\/\/i0.wp.com\/teasense.ch\/wp-content\/uploads\/2025\/12\/schwarztee-wildkirsche.png?resize=525%2C300&ssl=1 1.5x, https:\/\/i0.wp.com\/teasense.ch\/wp-content\/uploads\/2025\/12\/schwarztee-wildkirsche.png?resize=700%2C400&ssl=1 2x"},"classes":[]}],"jetpack_sharing_enabled":true,"jetpack_likes_enabled":false,"_links":{"self":[{"href":"https:\/\/teasense.ch\/fr\/wp-json\/wp\/v2\/product\/48773","targetHints":{"allow":["GET"]}}],"collection":[{"href":"https:\/\/teasense.ch\/fr\/wp-json\/wp\/v2\/product"}],"about":[{"href":"https:\/\/teasense.ch\/fr\/wp-json\/wp\/v2\/types\/product"}],"replies":[{"embeddable":true,"href":"https:\/\/teasense.ch\/fr\/wp-json\/wp\/v2\/comments?post=48773"}],"wp:featuredmedia":[{"embeddable":true,"href":"https:\/\/teasense.ch\/fr\/wp-json\/wp\/v2\/media\/47174"}],"wp:attachment":[{"href":"https:\/\/teasense.ch\/fr\/wp-json\/wp\/v2\/media?parent=48773"}],"wp:term":[{"taxonomy":"product_brand","embeddable":true,"href":"https:\/\/teasense.ch\/fr\/wp-json\/wp\/v2\/product_brand?post=48773"},{"taxonomy":"product_cat","embeddable":true,"href":"https:\/\/teasense.ch\/fr\/wp-json\/wp\/v2\/product_cat?post=48773"},{"taxonomy":"product_tag","embeddable":true,"href":"https:\/\/teasense.ch\/fr\/wp-json\/wp\/v2\/product_tag?post=48773"}],"curies":[{"name":"wp","href":"https:\/\/api.w.org\/{rel}","templated":true}]}}