{"id":49074,"date":"2025-03-30T19:54:16","date_gmt":"2025-03-30T17:54:16","guid":{"rendered":"https:\/\/teasense.ch\/produkt\/calendrier-de-lavent-the\/"},"modified":"2026-05-01T03:04:09","modified_gmt":"2026-05-01T01:04:09","slug":"calendrier-de-lavent-the","status":"publish","type":"product","link":"https:\/\/teasense.ch\/fr\/produit\/calendrier-de-lavent-the\/","title":{"rendered":"Calendrier de l\u2019Avent du th\u00e9 \u2013 24 moments de d\u00e9gustation"},"content":{"rendered":"<h2 data-start=\"128\" data-end=\"340\">Calendrier de l\u2019Avent du th\u00e9 \u2013 24 moments de d\u00e9gustation en bo\u00eete<\/h2>\n<p class=\"\" data-start=\"136\" data-end=\"392\">D\u00e9couvre 24 jours de th\u00e9 avec notre calendrier de l\u2019Avent. Chaque jour, un th\u00e9 s\u00e9lectionn\u00e9 \u2013 th\u00e9 noir, vert, infusion ou m\u00e9lange hivernal.<\/p>\n<p class=\"\" data-start=\"394\" data-end=\"624\">Les 24 th\u00e9s sont conditionn\u00e9s \u00e0 la main et permettent chacun deux tasses.<\/p>\n<p data-start=\"394\" data-end=\"624\"><strong>Remarque :<\/strong> Les visuels peuvent varier, le contenu reste identique.<\/p>\n<p class=\"\" data-start=\"394\" data-end=\"624\">Une fa\u00e7on simple de d\u00e9couvrir diff\u00e9rents th\u00e9s pendant la p\u00e9riode de No\u00ebl \u2013 sans ar\u00f4mes artificiels.<\/p>\n<p class=\"\" data-start=\"626\" data-end=\"863\">\ud83c\udf84 <strong>Un moment de th\u00e9 chaque jour<br \/>\n<\/strong>Les th\u00e9s sont num\u00e9rot\u00e9s de 1 \u00e0 24.<\/p>\n<p class=\"\" data-start=\"865\" data-end=\"1038\">\ud83c\udf3f <strong>24 th\u00e9s s\u00e9lectionn\u00e9s<br \/>\n<\/strong>Th\u00e9 noir, th\u00e9 vert, rooibos, infusions et th\u00e9s aux fruits.<\/p>\n<p class=\"\" data-start=\"1040\" data-end=\"1174\"><strong>\ud83e\udef6 Conditionn\u00e9 \u00e0 la main<br \/>\n<\/strong>Chaque portion est pr\u00e9par\u00e9e avec soin.<\/p>\n<p>\ud83c\udf75 <strong>2 tasses par jour<br \/>\n<\/strong>Chaque sachet permet deux tasses.<\/p>\n<p class=\"\" data-start=\"1176\" data-end=\"1314\">\ud83c\udf81 <strong>Dans une <a href=\"https:\/\/teasense.ch\/fr\/produit\/boite-a-the-15-kg\/\">bo\u00eete r\u00e9utilisable<\/a><br \/>\n<\/strong>Pratique apr\u00e8s utilisation.<\/p>\n<p>Un cadeau original pour la p\u00e9riode de No\u00ebl.<\/p>\n<p><strong>Remarque :<\/strong> Les \u00e9tiquettes sur la bo\u00eete et les sachets sont uniquement en allemand \u2013 une belle occasion de d\u00e9couvrir le th\u00e9\u2026 et quelques nouveaux mots \ud83c\udf0d<\/p>\n<p>\ud83d\udca1Une id\u00e9e cadeau simple<br \/>\n\ud83c\udf81Livraison directe possible<\/p>\n","protected":false},"excerpt":{"rendered":"<p>\ud83e\udd44 1 portion par jour<br \/>\n\ud83c\udf21\ufe0f Selon le th\u00e9<br \/>\n\u23f3 Selon le type<\/p>\n","protected":false},"featured_media":47041,"comment_status":"open","ping_status":"closed","template":"","meta":{"_et_pb_use_builder":"","_et_pb_old_content":"","_et_gb_content_width":""},"product_brand":[],"product_cat":[364,375,451,348],"product_tag":[],"class_list":{"0":"post-49074","1":"product","2":"type-product","3":"status-publish","4":"has-post-thumbnail","6":"product_cat-cadeaux-the","7":"product_cat-the-en-vrac","8":"product_cat-thes-hiver","9":"product_cat-tous-produits","10":"pa_weight-120-g","12":"first","13":"instock","14":"shipping-taxable","15":"purchasable","16":"product-type-simple","17":"add-to-wishlist-before_image"},"yoast_head":"<!-- This site is optimized with the Yoast SEO plugin v27.5 - https:\/\/yoast.com\/product\/yoast-seo-wordpress\/ -->\n<title>Calendrier de l\u2019Avent du th\u00e9 \u2013 24 moments de d\u00e9gustation - TeaSense.ch - Tee Shop Schweiz<\/title>\n<meta name=\"description\" content=\"Calendrier de l\u2019Avent th\u00e9 \ud83c\udf75 24 th\u00e9s en vrac \u2013 2 tasses par jour, en bo\u00eete r\u00e9utilisable.\" \/>\n<meta name=\"robots\" content=\"index, follow, max-snippet:-1, max-image-preview:large, max-video-preview:-1\" \/>\n<link rel=\"canonical\" href=\"https:\/\/teasense.ch\/fr\/produit\/calendrier-de-lavent-the\/\" \/>\n<meta property=\"og:locale\" content=\"fr_FR\" \/>\n<meta property=\"og:type\" content=\"article\" \/>\n<meta property=\"og:title\" content=\"Calendrier de l\u2019Avent du th\u00e9 \u2013 24 moments de d\u00e9gustation - TeaSense.ch - Tee Shop Schweiz\" \/>\n<meta property=\"og:description\" content=\"Calendrier de l\u2019Avent th\u00e9 \ud83c\udf75 24 th\u00e9s en vrac \u2013 2 tasses par jour, en bo\u00eete r\u00e9utilisable.\" \/>\n<meta property=\"og:url\" content=\"https:\/\/teasense.ch\/fr\/produit\/calendrier-de-lavent-the\/\" \/>\n<meta property=\"og:site_name\" content=\"TeaSense.ch - Tee Shop Schweiz\" \/>\n<meta property=\"article:publisher\" content=\"https:\/\/www.facebook.com\/teasense.ch\" \/>\n<meta property=\"article:modified_time\" content=\"2026-05-01T01:04:09+00:00\" \/>\n<meta property=\"og:image\" content=\"https:\/\/teasense.ch\/wp-content\/uploads\/2025\/02\/hibiskus-tee-lose-und-aufgegossen-in-Tassen.png\" \/>\n\t<meta property=\"og:image:width\" content=\"800\" \/>\n\t<meta property=\"og:image:height\" content=\"800\" \/>\n\t<meta property=\"og:image:type\" content=\"image\/png\" \/>\n<meta name=\"twitter:card\" content=\"summary_large_image\" \/>\n<meta name=\"twitter:label1\" content=\"Est. reading time\" \/>\n\t<meta name=\"twitter:data1\" content=\"1 minute\" \/>\n<!-- \/ Yoast SEO plugin. -->","yoast_head_json":{"title":"Calendrier de l\u2019Avent du th\u00e9 \u2013 24 moments de d\u00e9gustation - TeaSense.ch - Tee Shop Schweiz","description":"Calendrier de l\u2019Avent th\u00e9 \ud83c\udf75 24 th\u00e9s en vrac \u2013 2 tasses par jour, en bo\u00eete r\u00e9utilisable.","robots":{"index":"index","follow":"follow","max-snippet":"max-snippet:-1","max-image-preview":"max-image-preview:large","max-video-preview":"max-video-preview:-1"},"canonical":"https:\/\/teasense.ch\/fr\/produit\/calendrier-de-lavent-the\/","og_locale":"fr_FR","og_type":"article","og_title":"Calendrier de l\u2019Avent du th\u00e9 \u2013 24 moments de d\u00e9gustation - TeaSense.ch - Tee Shop Schweiz","og_description":"Calendrier de l\u2019Avent th\u00e9 \ud83c\udf75 24 th\u00e9s en vrac \u2013 2 tasses par jour, en bo\u00eete r\u00e9utilisable.","og_url":"https:\/\/teasense.ch\/fr\/produit\/calendrier-de-lavent-the\/","og_site_name":"TeaSense.ch - Tee Shop Schweiz","article_publisher":"https:\/\/www.facebook.com\/teasense.ch","article_modified_time":"2026-05-01T01:04:09+00:00","og_image":[{"width":800,"height":800,"url":"https:\/\/teasense.ch\/wp-content\/uploads\/2025\/02\/hibiskus-tee-lose-und-aufgegossen-in-Tassen.png","type":"image\/png"}],"twitter_card":"summary_large_image","twitter_misc":{"Est. reading time":"1 minute"},"schema":{"@context":"https:\/\/schema.org","@graph":[{"@type":"WebPage","@id":"https:\/\/teasense.ch\/fr\/produit\/calendrier-de-lavent-the\/","url":"https:\/\/teasense.ch\/fr\/produit\/calendrier-de-lavent-the\/","name":"Calendrier de l\u2019Avent du th\u00e9 \u2013 24 moments de d\u00e9gustation - TeaSense.ch - Tee Shop Schweiz","isPartOf":{"@id":"https:\/\/teasense.ch\/fr\/#website"},"primaryImageOfPage":{"@id":"https:\/\/teasense.ch\/fr\/produit\/calendrier-de-lavent-the\/#primaryimage"},"image":{"@id":"https:\/\/teasense.ch\/fr\/produit\/calendrier-de-lavent-the\/#primaryimage"},"thumbnailUrl":"https:\/\/teasense.ch\/wp-content\/uploads\/2025\/03\/adventskalender-tee-beutel.png","datePublished":"2025-03-30T17:54:16+00:00","dateModified":"2026-05-01T01:04:09+00:00","description":"Calendrier de l\u2019Avent th\u00e9 \ud83c\udf75 24 th\u00e9s en vrac \u2013 2 tasses par jour, en bo\u00eete r\u00e9utilisable.","breadcrumb":{"@id":"https:\/\/teasense.ch\/fr\/produit\/calendrier-de-lavent-the\/#breadcrumb"},"inLanguage":"fr-CH","potentialAction":[{"@type":"ReadAction","target":["https:\/\/teasense.ch\/fr\/produit\/calendrier-de-lavent-the\/"]}]},{"@type":"ImageObject","inLanguage":"fr-CH","@id":"https:\/\/teasense.ch\/fr\/produit\/calendrier-de-lavent-the\/#primaryimage","url":"https:\/\/teasense.ch\/wp-content\/uploads\/2025\/03\/adventskalender-tee-beutel.png","contentUrl":"https:\/\/teasense.ch\/wp-content\/uploads\/2025\/03\/adventskalender-tee-beutel.png","width":800,"height":800,"caption":"Adventskalender stehend Tee von TeaSense.ch"},{"@type":"BreadcrumbList","@id":"https:\/\/teasense.ch\/fr\/produit\/calendrier-de-lavent-the\/#breadcrumb","itemListElement":[{"@type":"ListItem","position":1,"name":"Startseite","item":"https:\/\/teasense.ch\/fr\/startseite\/"},{"@type":"ListItem","position":2,"name":"Boutique de th\u00e9 en ligne","item":"https:\/\/teasense.ch\/fr\/shop\/"},{"@type":"ListItem","position":3,"name":"Calendrier de l\u2019Avent du th\u00e9 \u2013 24 moments de d\u00e9gustation"}]},{"@type":"WebSite","@id":"https:\/\/teasense.ch\/fr\/#website","url":"https:\/\/teasense.ch\/fr\/","name":"TeaSense.ch","description":"Nat\u00fcrliche Teemischungen und klassischer Tee","publisher":{"@id":"https:\/\/teasense.ch\/fr\/#organization"},"alternateName":"TeaSense","potentialAction":[{"@type":"SearchAction","target":{"@type":"EntryPoint","urlTemplate":"https:\/\/teasense.ch\/fr\/?s={search_term_string}"},"query-input":{"@type":"PropertyValueSpecification","valueRequired":true,"valueName":"search_term_string"}}],"inLanguage":"fr-CH"},{"@type":"Organization","@id":"https:\/\/teasense.ch\/fr\/#organization","name":"Reale Selection","alternateName":"TeaSense.ch","url":"https:\/\/teasense.ch\/fr\/","logo":{"@type":"ImageObject","inLanguage":"fr-CH","@id":"https:\/\/teasense.ch\/fr\/#\/schema\/logo\/image\/","url":"https:\/\/teasense.ch\/wp-content\/uploads\/2023\/07\/cropped-logo-teasense-kategorie-onlineshop-alle-produkte.jpg","contentUrl":"https:\/\/teasense.ch\/wp-content\/uploads\/2023\/07\/cropped-logo-teasense-kategorie-onlineshop-alle-produkte.jpg","width":512,"height":512,"caption":"Reale Selection"},"image":{"@id":"https:\/\/teasense.ch\/fr\/#\/schema\/logo\/image\/"},"sameAs":["https:\/\/www.facebook.com\/teasense.ch"]}]}},"jetpack-related-posts":[{"id":49050,"url":"https:\/\/teasense.ch\/fr\/produit\/pekoe-the-noir-gorreana\/","url_meta":{"origin":49074,"position":0},"title":"Pekoe \u2013 Th\u00e9 noir Gorreana","author":"Reale Selection","date":"20. August 2025","format":false,"excerpt":"Th\u00e9 Pekoe \u2013 th\u00e9 noir classique de Gorreana Le Pekoe de Gorreana est un th\u00e9 noir classique des A\u00e7ores, appr\u00e9ci\u00e9 pour son caract\u00e8re \u00e9quilibr\u00e9 et doux. Alors que le Orange Pekoe repr\u00e9sente une qualit\u00e9 de feuille plus fine, le Pekoe s\u00e9duit par sa simplicit\u00e9 et convient parfaitement au quotidien. Origine\u2026","rel":"","context":"Similar post","block_context":{"text":"Similar post","link":""},"img":{"alt_text":"schwarzertee pekoe aus den Azoren Portugal","src":"https:\/\/i0.wp.com\/teasense.ch\/wp-content\/uploads\/2025\/08\/schwarzertee-pekoe.png?resize=350%2C200&ssl=1","width":350,"height":200,"srcset":"https:\/\/i0.wp.com\/teasense.ch\/wp-content\/uploads\/2025\/08\/schwarzertee-pekoe.png?resize=350%2C200&ssl=1 1x, https:\/\/i0.wp.com\/teasense.ch\/wp-content\/uploads\/2025\/08\/schwarzertee-pekoe.png?resize=525%2C300&ssl=1 1.5x, https:\/\/i0.wp.com\/teasense.ch\/wp-content\/uploads\/2025\/08\/schwarzertee-pekoe.png?resize=700%2C400&ssl=1 2x"},"classes":[]},{"id":49053,"url":"https:\/\/teasense.ch\/fr\/produit\/encosta-de-bruma-the-vert-des-acores\/","url_meta":{"origin":49074,"position":1},"title":"Encosta de Bruma \u2013 Th\u00e9 vert des A\u00e7ores","author":"Reale Selection","date":"20. August 2025","format":false,"excerpt":"Pr\u00e9paration Encosta de Bruma \u2013 th\u00e9 vert des A\u00e7ores \ud83e\udd44 1\u20132 cuill\u00e8res \u00e0 caf\u00e9 (env. 2 g) pour 200 ml d\u2019eau\ud83c\udf21\ufe0f 75\u201380 \u00b0C\u23f3 2\u20133 minutes","rel":"","context":"Similar post","block_context":{"text":"Similar post","link":""},"img":{"alt_text":"Encosta de Bruma - Azoren Gr\u00fcntee","src":"https:\/\/i0.wp.com\/teasense.ch\/wp-content\/uploads\/2025\/08\/encosta-de-bruma-azoren-gruentee.png?resize=350%2C200&ssl=1","width":350,"height":200,"srcset":"https:\/\/i0.wp.com\/teasense.ch\/wp-content\/uploads\/2025\/08\/encosta-de-bruma-azoren-gruentee.png?resize=350%2C200&ssl=1 1x, https:\/\/i0.wp.com\/teasense.ch\/wp-content\/uploads\/2025\/08\/encosta-de-bruma-azoren-gruentee.png?resize=525%2C300&ssl=1 1.5x, https:\/\/i0.wp.com\/teasense.ch\/wp-content\/uploads\/2025\/08\/encosta-de-bruma-azoren-gruentee.png?resize=700%2C400&ssl=1 2x"},"classes":[]},{"id":48649,"url":"https:\/\/teasense.ch\/fr\/produit\/the-pu-erh-chine\/","url_meta":{"origin":49074,"position":2},"title":"Th\u00e9 Pu Erh Chine","author":"Reale Selection","date":"13. October 2025","format":false,"excerpt":"Pr\u00e9paration Th\u00e9 Pu Erh Chine \ud83e\udd44 1 cuill\u00e8re \u00e0 caf\u00e9 pour 200 ml \ud83c\udf21\ufe0f 95 \u00b0C \u23f3 2-4 minutes","rel":"","context":"Similar post","block_context":{"text":"Similar post","link":""},"img":{"alt_text":"China Pu Erh Tee Fermentierter Schwarztee aus Yunnan","src":"https:\/\/i0.wp.com\/teasense.ch\/wp-content\/uploads\/2025\/10\/china-pu-erh-tee.png?resize=350%2C200&ssl=1","width":350,"height":200,"srcset":"https:\/\/i0.wp.com\/teasense.ch\/wp-content\/uploads\/2025\/10\/china-pu-erh-tee.png?resize=350%2C200&ssl=1 1x, https:\/\/i0.wp.com\/teasense.ch\/wp-content\/uploads\/2025\/10\/china-pu-erh-tee.png?resize=525%2C300&ssl=1 1.5x, https:\/\/i0.wp.com\/teasense.ch\/wp-content\/uploads\/2025\/10\/china-pu-erh-tee.png?resize=700%2C400&ssl=1 2x"},"classes":[]},{"id":48613,"url":"https:\/\/teasense.ch\/fr\/produit\/the-noir-kenya-gfop-marinyn\/","url_meta":{"origin":49074,"position":3},"title":"Th\u00e9 noir Kenya GFOP Marinyn","author":"Reale Selection","date":"13. October 2025","format":false,"excerpt":"Pr\u00e9paration Kenya GFOP Marinyn \ud83e\udd44 1 cuill\u00e8re \u00e0 caf\u00e9 pour 200 ml\ud83c\udf21\ufe0f 100 \u00b0C\u23f3 3 minutes","rel":"","context":"Similar post","block_context":{"text":"Similar post","link":""},"img":{"alt_text":"Schwarztee aus Kenia loser Tee Kenya GFOP Marinyn","src":"https:\/\/i0.wp.com\/teasense.ch\/wp-content\/uploads\/2025\/10\/kenya-gfop-marinyn.png?resize=350%2C200&ssl=1","width":350,"height":200,"srcset":"https:\/\/i0.wp.com\/teasense.ch\/wp-content\/uploads\/2025\/10\/kenya-gfop-marinyn.png?resize=350%2C200&ssl=1 1x, https:\/\/i0.wp.com\/teasense.ch\/wp-content\/uploads\/2025\/10\/kenya-gfop-marinyn.png?resize=525%2C300&ssl=1 1.5x, https:\/\/i0.wp.com\/teasense.ch\/wp-content\/uploads\/2025\/10\/kenya-gfop-marinyn.png?resize=700%2C400&ssl=1 2x"},"classes":[]},{"id":48451,"url":"https:\/\/teasense.ch\/fr\/produit\/composition-the\/","url_meta":{"origin":49074,"position":4},"title":"Composition de th\u00e9","author":"Reale Selection","date":"16. December 2025","format":false,"excerpt":"Pr\u00e9paration \ud83e\udd44 1 \u2013 2 c. \u00e0 caf\u00e9 par tasse (12 g\/litre)\ud83c\udf21\ufe0f 100 \u00b0C\u23f3 3 minutes","rel":"","context":"Similar post","block_context":{"text":"Similar post","link":""},"img":{"alt_text":"Tee Trilogie \u2013 Schwarz-, Gr\u00fcn- und Pu-Erh-Tee","src":"https:\/\/i0.wp.com\/teasense.ch\/wp-content\/uploads\/2025\/12\/tee-trilogie-%E2%80%93-schwarz-gruen-und-pu-erh-tee.png?resize=350%2C200&ssl=1","width":350,"height":200,"srcset":"https:\/\/i0.wp.com\/teasense.ch\/wp-content\/uploads\/2025\/12\/tee-trilogie-%E2%80%93-schwarz-gruen-und-pu-erh-tee.png?resize=350%2C200&ssl=1 1x, https:\/\/i0.wp.com\/teasense.ch\/wp-content\/uploads\/2025\/12\/tee-trilogie-%E2%80%93-schwarz-gruen-und-pu-erh-tee.png?resize=525%2C300&ssl=1 1.5x, https:\/\/i0.wp.com\/teasense.ch\/wp-content\/uploads\/2025\/12\/tee-trilogie-%E2%80%93-schwarz-gruen-und-pu-erh-tee.png?resize=700%2C400&ssl=1 2x"},"classes":[]},{"id":48631,"url":"https:\/\/teasense.ch\/fr\/produit\/tisane-feuilles-framboisier\/","url_meta":{"origin":49074,"position":5},"title":"Tisane de feuilles de framboisier","author":"Reale Selection","date":"13. October 2025","format":false,"excerpt":"Pr\u00e9paration feuilles de framboisier \ud83e\udd44 1-2 cuill\u00e8res \u00e0 caf\u00e9 pour 200 ml\ud83c\udf21\ufe0f 95 \u00b0C\u23f3 5-7 minutes","rel":"","context":"Similar post","block_context":{"text":"Similar post","link":""},"img":{"alt_text":"Himbeerbl\u00e4tter Tee \u2013 mild, aromatisch und wohlschmeckend","src":"https:\/\/i0.wp.com\/teasense.ch\/wp-content\/uploads\/2025\/10\/himbeerblaetter.png?resize=350%2C200&ssl=1","width":350,"height":200,"srcset":"https:\/\/i0.wp.com\/teasense.ch\/wp-content\/uploads\/2025\/10\/himbeerblaetter.png?resize=350%2C200&ssl=1 1x, https:\/\/i0.wp.com\/teasense.ch\/wp-content\/uploads\/2025\/10\/himbeerblaetter.png?resize=525%2C300&ssl=1 1.5x, https:\/\/i0.wp.com\/teasense.ch\/wp-content\/uploads\/2025\/10\/himbeerblaetter.png?resize=700%2C400&ssl=1 2x"},"classes":[]}],"jetpack_sharing_enabled":true,"jetpack_likes_enabled":false,"_links":{"self":[{"href":"https:\/\/teasense.ch\/fr\/wp-json\/wp\/v2\/product\/49074","targetHints":{"allow":["GET"]}}],"collection":[{"href":"https:\/\/teasense.ch\/fr\/wp-json\/wp\/v2\/product"}],"about":[{"href":"https:\/\/teasense.ch\/fr\/wp-json\/wp\/v2\/types\/product"}],"replies":[{"embeddable":true,"href":"https:\/\/teasense.ch\/fr\/wp-json\/wp\/v2\/comments?post=49074"}],"wp:featuredmedia":[{"embeddable":true,"href":"https:\/\/teasense.ch\/fr\/wp-json\/wp\/v2\/media\/47041"}],"wp:attachment":[{"href":"https:\/\/teasense.ch\/fr\/wp-json\/wp\/v2\/media?parent=49074"}],"wp:term":[{"taxonomy":"product_brand","embeddable":true,"href":"https:\/\/teasense.ch\/fr\/wp-json\/wp\/v2\/product_brand?post=49074"},{"taxonomy":"product_cat","embeddable":true,"href":"https:\/\/teasense.ch\/fr\/wp-json\/wp\/v2\/product_cat?post=49074"},{"taxonomy":"product_tag","embeddable":true,"href":"https:\/\/teasense.ch\/fr\/wp-json\/wp\/v2\/product_tag?post=49074"}],"curies":[{"name":"wp","href":"https:\/\/api.w.org\/{rel}","templated":true}]}}