{"id":49126,"date":"2024-09-13T14:16:01","date_gmt":"2024-09-13T12:16:01","guid":{"rendered":"https:\/\/teasense.ch\/produkt\/cha-gorreana-orange-pekoe-the-noir-des-acores\/"},"modified":"2024-09-13T14:16:01","modified_gmt":"2024-09-13T12:16:01","slug":"cha-gorreana-orange-pekoe-the-noir-des-acores","status":"publish","type":"product","link":"https:\/\/teasense.ch\/fr\/produit\/cha-gorreana-orange-pekoe-the-noir-des-acores\/","title":{"rendered":"Ch\u00e1 Gorreana Orange Pekoe \u2013 Th\u00e9 noir des A\u00e7ores"},"content":{"rendered":"<h2>Orange Pekoe \u2013 Th\u00e9 noir des A\u00e7ores<\/h2>\n<p>D\u00e9couvre le Ch\u00e1 Gorreana Orange Pekoe, un th\u00e9 noir issu de la plantation historique Ch\u00e1 Gorreana sur l\u2019\u00eele de S\u00e3o Miguel aux A\u00e7ores. Fond\u00e9e en 1883, c\u2019est la plus ancienne plantation de th\u00e9 d\u2019Europe.<\/p>\n<p>Ce th\u00e9 est \u00e9labor\u00e9 \u00e0 partir des jeunes feuilles sup\u00e9rieures de la plante. Sa transformation soign\u00e9e permet de pr\u00e9server un profil aromatique marqu\u00e9, avec des notes malt\u00e9es et l\u00e9g\u00e8rement fruit\u00e9es. Il convient aussi bien le matin que dans la journ\u00e9e.<\/p>\n<p>Pour la pr\u00e9paration, ajoute une cuill\u00e8re \u00e0 caf\u00e9 dans une tasse. Verse de l\u2019eau \u00e0 90\u201395\u00b0C et laisse infuser 3 \u00e0 5 minutes.<\/p>\n<p>Le Ch\u00e1 Gorreana Orange Pekoe offre un \u00e9quilibre entre intensit\u00e9 et finesse. Un th\u00e9 noir classique issu d\u2019un terroir particulier.<\/p>\n<p><strong>Ingr\u00e9dients :<\/strong> 100 % th\u00e9 noir, sans ar\u00f4mes artificiels<\/p>\n<p>D\u00e9couvre le Ch\u00e1 Gorreana Orange Pekoe et le go\u00fbt des A\u00e7ores.<\/p>\n<p>Tu peux aussi essayer le <a href=\"https:\/\/teasense.ch\/fr\/produit\/cha-gorreana-the-vert-hysson\/\">Ch\u00e1 Gorreana Verde Hysson<\/a>, un th\u00e9 vert de la m\u00eame plantation.<\/p>\n","protected":false},"excerpt":{"rendered":"<p>Th\u00e9 noir des A\u00e7ores (Portugal)<\/p>\n<h4>Pr\u00e9paration Ch\u00e1 Gorreana Orange Pekoe<\/h4>\n<p>\ud83e\udd44 1 cuill\u00e8re \u00e0 caf\u00e9 (env. 2 g) pour 200 ml d\u2019eau<br \/>\ud83c\udf21\ufe0f 90\u201395 \u00b0C<br \/>\u23f3 3\u20135 minutes<\/p>\n","protected":false},"featured_media":43047,"comment_status":"open","ping_status":"closed","template":"","meta":{"_et_pb_use_builder":"","_et_pb_old_content":"","_et_gb_content_width":""},"product_brand":[],"product_cat":[400,375,349,348],"product_tag":[],"class_list":{"0":"post-49126","1":"product","2":"type-product","3":"status-publish","4":"has-post-thumbnail","6":"product_cat-the-acores","7":"product_cat-the-en-vrac","8":"product_cat-the-noir","9":"product_cat-tous-produits","10":"pa_herkunft-portugal","11":"pa_weight-100-g","13":"first","14":"instock","15":"shipping-taxable","16":"purchasable","17":"product-type-simple","18":"add-to-wishlist-before_image"},"yoast_head":"<!-- This site is optimized with the Yoast SEO plugin v27.5 - https:\/\/yoast.com\/product\/yoast-seo-wordpress\/ -->\n<title>Ch\u00e1 Gorreana Orange Pekoe \u2013 Th\u00e9 noir des A\u00e7ores - TeaSense.ch - Tee Shop Schweiz<\/title>\n<meta name=\"description\" content=\"Th\u00e9 noir Orange Pekoe des A\u00e7ores \u2013 th\u00e9 aromatique de la plantation Ch\u00e1 Gorreana.\" \/>\n<meta name=\"robots\" content=\"index, follow, max-snippet:-1, max-image-preview:large, max-video-preview:-1\" \/>\n<link rel=\"canonical\" href=\"https:\/\/teasense.ch\/fr\/produit\/cha-gorreana-orange-pekoe-the-noir-des-acores\/\" \/>\n<meta property=\"og:locale\" content=\"fr_FR\" \/>\n<meta property=\"og:type\" content=\"article\" \/>\n<meta property=\"og:title\" content=\"Ch\u00e1 Gorreana Orange Pekoe \u2013 Th\u00e9 noir des A\u00e7ores - TeaSense.ch - Tee Shop Schweiz\" \/>\n<meta property=\"og:description\" content=\"Th\u00e9 noir Orange Pekoe des A\u00e7ores \u2013 th\u00e9 aromatique de la plantation Ch\u00e1 Gorreana.\" \/>\n<meta property=\"og:url\" content=\"https:\/\/teasense.ch\/fr\/produit\/cha-gorreana-orange-pekoe-the-noir-des-acores\/\" \/>\n<meta property=\"og:site_name\" content=\"TeaSense.ch - Tee Shop Schweiz\" \/>\n<meta property=\"article:publisher\" content=\"https:\/\/www.facebook.com\/teasense.ch\" \/>\n<meta property=\"og:image\" content=\"https:\/\/teasense.ch\/wp-content\/uploads\/2025\/02\/hibiskus-tee-lose-und-aufgegossen-in-Tassen.png\" \/>\n\t<meta property=\"og:image:width\" content=\"800\" \/>\n\t<meta property=\"og:image:height\" content=\"800\" \/>\n\t<meta property=\"og:image:type\" content=\"image\/png\" \/>\n<meta name=\"twitter:card\" content=\"summary_large_image\" \/>\n<meta name=\"twitter:label1\" content=\"Est. reading time\" \/>\n\t<meta name=\"twitter:data1\" content=\"1 minute\" \/>\n<!-- \/ Yoast SEO plugin. -->","yoast_head_json":{"title":"Ch\u00e1 Gorreana Orange Pekoe \u2013 Th\u00e9 noir des A\u00e7ores - TeaSense.ch - Tee Shop Schweiz","description":"Th\u00e9 noir Orange Pekoe des A\u00e7ores \u2013 th\u00e9 aromatique de la plantation Ch\u00e1 Gorreana.","robots":{"index":"index","follow":"follow","max-snippet":"max-snippet:-1","max-image-preview":"max-image-preview:large","max-video-preview":"max-video-preview:-1"},"canonical":"https:\/\/teasense.ch\/fr\/produit\/cha-gorreana-orange-pekoe-the-noir-des-acores\/","og_locale":"fr_FR","og_type":"article","og_title":"Ch\u00e1 Gorreana Orange Pekoe \u2013 Th\u00e9 noir des A\u00e7ores - TeaSense.ch - Tee Shop Schweiz","og_description":"Th\u00e9 noir Orange Pekoe des A\u00e7ores \u2013 th\u00e9 aromatique de la plantation Ch\u00e1 Gorreana.","og_url":"https:\/\/teasense.ch\/fr\/produit\/cha-gorreana-orange-pekoe-the-noir-des-acores\/","og_site_name":"TeaSense.ch - Tee Shop Schweiz","article_publisher":"https:\/\/www.facebook.com\/teasense.ch","og_image":[{"width":800,"height":800,"url":"https:\/\/teasense.ch\/wp-content\/uploads\/2025\/02\/hibiskus-tee-lose-und-aufgegossen-in-Tassen.png","type":"image\/png"}],"twitter_card":"summary_large_image","twitter_misc":{"Est. reading time":"1 minute"},"schema":{"@context":"https:\/\/schema.org","@graph":[{"@type":"WebPage","@id":"https:\/\/teasense.ch\/fr\/produit\/cha-gorreana-orange-pekoe-the-noir-des-acores\/","url":"https:\/\/teasense.ch\/fr\/produit\/cha-gorreana-orange-pekoe-the-noir-des-acores\/","name":"Ch\u00e1 Gorreana Orange Pekoe \u2013 Th\u00e9 noir des A\u00e7ores - TeaSense.ch - Tee Shop Schweiz","isPartOf":{"@id":"https:\/\/teasense.ch\/fr\/#website"},"primaryImageOfPage":{"@id":"https:\/\/teasense.ch\/fr\/produit\/cha-gorreana-orange-pekoe-the-noir-des-acores\/#primaryimage"},"image":{"@id":"https:\/\/teasense.ch\/fr\/produit\/cha-gorreana-orange-pekoe-the-noir-des-acores\/#primaryimage"},"thumbnailUrl":"https:\/\/teasense.ch\/wp-content\/uploads\/2024\/09\/acores-orange-pekoe-loose-leaf-100g.png","datePublished":"2024-09-13T12:16:01+00:00","description":"Th\u00e9 noir Orange Pekoe des A\u00e7ores \u2013 th\u00e9 aromatique de la plantation Ch\u00e1 Gorreana.","breadcrumb":{"@id":"https:\/\/teasense.ch\/fr\/produit\/cha-gorreana-orange-pekoe-the-noir-des-acores\/#breadcrumb"},"inLanguage":"fr-CH","potentialAction":[{"@type":"ReadAction","target":["https:\/\/teasense.ch\/fr\/produit\/cha-gorreana-orange-pekoe-the-noir-des-acores\/"]}]},{"@type":"ImageObject","inLanguage":"fr-CH","@id":"https:\/\/teasense.ch\/fr\/produit\/cha-gorreana-orange-pekoe-the-noir-des-acores\/#primaryimage","url":"https:\/\/teasense.ch\/wp-content\/uploads\/2024\/09\/acores-orange-pekoe-loose-leaf-100g.png","contentUrl":"https:\/\/teasense.ch\/wp-content\/uploads\/2024\/09\/acores-orange-pekoe-loose-leaf-100g.png","width":800,"height":800,"caption":"acores-orange-pekoe-loose-leaf-100g"},{"@type":"BreadcrumbList","@id":"https:\/\/teasense.ch\/fr\/produit\/cha-gorreana-orange-pekoe-the-noir-des-acores\/#breadcrumb","itemListElement":[{"@type":"ListItem","position":1,"name":"Startseite","item":"https:\/\/teasense.ch\/fr\/startseite\/"},{"@type":"ListItem","position":2,"name":"Boutique de th\u00e9 en ligne","item":"https:\/\/teasense.ch\/fr\/shop\/"},{"@type":"ListItem","position":3,"name":"Ch\u00e1 Gorreana Orange Pekoe \u2013 Th\u00e9 noir des A\u00e7ores"}]},{"@type":"WebSite","@id":"https:\/\/teasense.ch\/fr\/#website","url":"https:\/\/teasense.ch\/fr\/","name":"TeaSense.ch","description":"Nat\u00fcrliche Teemischungen und klassischer Tee","publisher":{"@id":"https:\/\/teasense.ch\/fr\/#organization"},"alternateName":"TeaSense","potentialAction":[{"@type":"SearchAction","target":{"@type":"EntryPoint","urlTemplate":"https:\/\/teasense.ch\/fr\/?s={search_term_string}"},"query-input":{"@type":"PropertyValueSpecification","valueRequired":true,"valueName":"search_term_string"}}],"inLanguage":"fr-CH"},{"@type":"Organization","@id":"https:\/\/teasense.ch\/fr\/#organization","name":"Reale Selection","alternateName":"TeaSense.ch","url":"https:\/\/teasense.ch\/fr\/","logo":{"@type":"ImageObject","inLanguage":"fr-CH","@id":"https:\/\/teasense.ch\/fr\/#\/schema\/logo\/image\/","url":"https:\/\/teasense.ch\/wp-content\/uploads\/2023\/07\/cropped-logo-teasense-kategorie-onlineshop-alle-produkte.jpg","contentUrl":"https:\/\/teasense.ch\/wp-content\/uploads\/2023\/07\/cropped-logo-teasense-kategorie-onlineshop-alle-produkte.jpg","width":512,"height":512,"caption":"Reale Selection"},"image":{"@id":"https:\/\/teasense.ch\/fr\/#\/schema\/logo\/image\/"},"sameAs":["https:\/\/www.facebook.com\/teasense.ch"]}]}},"jetpack-related-posts":[{"id":49050,"url":"https:\/\/teasense.ch\/fr\/produit\/pekoe-the-noir-gorreana\/","url_meta":{"origin":49126,"position":0},"title":"Pekoe \u2013 Th\u00e9 noir Gorreana","author":"Reale Selection","date":"20. August 2025","format":false,"excerpt":"Th\u00e9 Pekoe \u2013 th\u00e9 noir classique de Gorreana Le Pekoe de Gorreana est un th\u00e9 noir classique des A\u00e7ores, appr\u00e9ci\u00e9 pour son caract\u00e8re \u00e9quilibr\u00e9 et doux. Alors que le Orange Pekoe repr\u00e9sente une qualit\u00e9 de feuille plus fine, le Pekoe s\u00e9duit par sa simplicit\u00e9 et convient parfaitement au quotidien. Origine\u2026","rel":"","context":"Similar post","block_context":{"text":"Similar post","link":""},"img":{"alt_text":"schwarzertee pekoe aus den Azoren Portugal","src":"https:\/\/i0.wp.com\/teasense.ch\/wp-content\/uploads\/2025\/08\/schwarzertee-pekoe.png?resize=350%2C200&ssl=1","width":350,"height":200,"srcset":"https:\/\/i0.wp.com\/teasense.ch\/wp-content\/uploads\/2025\/08\/schwarzertee-pekoe.png?resize=350%2C200&ssl=1 1x, https:\/\/i0.wp.com\/teasense.ch\/wp-content\/uploads\/2025\/08\/schwarzertee-pekoe.png?resize=525%2C300&ssl=1 1.5x, https:\/\/i0.wp.com\/teasense.ch\/wp-content\/uploads\/2025\/08\/schwarzertee-pekoe.png?resize=700%2C400&ssl=1 2x"},"classes":[]},{"id":49053,"url":"https:\/\/teasense.ch\/fr\/produit\/encosta-de-bruma-the-vert-des-acores\/","url_meta":{"origin":49126,"position":1},"title":"Encosta de Bruma \u2013 Th\u00e9 vert des A\u00e7ores","author":"Reale Selection","date":"20. August 2025","format":false,"excerpt":"Pr\u00e9paration Encosta de Bruma \u2013 th\u00e9 vert des A\u00e7ores \ud83e\udd44 1\u20132 cuill\u00e8res \u00e0 caf\u00e9 (env. 2 g) pour 200 ml d\u2019eau\ud83c\udf21\ufe0f 75\u201380 \u00b0C\u23f3 2\u20133 minutes","rel":"","context":"Similar post","block_context":{"text":"Similar post","link":""},"img":{"alt_text":"Encosta de Bruma - Azoren Gr\u00fcntee","src":"https:\/\/i0.wp.com\/teasense.ch\/wp-content\/uploads\/2025\/08\/encosta-de-bruma-azoren-gruentee.png?resize=350%2C200&ssl=1","width":350,"height":200,"srcset":"https:\/\/i0.wp.com\/teasense.ch\/wp-content\/uploads\/2025\/08\/encosta-de-bruma-azoren-gruentee.png?resize=350%2C200&ssl=1 1x, https:\/\/i0.wp.com\/teasense.ch\/wp-content\/uploads\/2025\/08\/encosta-de-bruma-azoren-gruentee.png?resize=525%2C300&ssl=1 1.5x, https:\/\/i0.wp.com\/teasense.ch\/wp-content\/uploads\/2025\/08\/encosta-de-bruma-azoren-gruentee.png?resize=700%2C400&ssl=1 2x"},"classes":[]},{"id":48613,"url":"https:\/\/teasense.ch\/fr\/produit\/the-noir-kenya-gfop-marinyn\/","url_meta":{"origin":49126,"position":2},"title":"Th\u00e9 noir Kenya GFOP Marinyn","author":"Reale Selection","date":"13. October 2025","format":false,"excerpt":"Pr\u00e9paration Kenya GFOP Marinyn \ud83e\udd44 1 cuill\u00e8re \u00e0 caf\u00e9 pour 200 ml\ud83c\udf21\ufe0f 100 \u00b0C\u23f3 3 minutes","rel":"","context":"Similar post","block_context":{"text":"Similar post","link":""},"img":{"alt_text":"Schwarztee aus Kenia loser Tee Kenya GFOP Marinyn","src":"https:\/\/i0.wp.com\/teasense.ch\/wp-content\/uploads\/2025\/10\/kenya-gfop-marinyn.png?resize=350%2C200&ssl=1","width":350,"height":200,"srcset":"https:\/\/i0.wp.com\/teasense.ch\/wp-content\/uploads\/2025\/10\/kenya-gfop-marinyn.png?resize=350%2C200&ssl=1 1x, https:\/\/i0.wp.com\/teasense.ch\/wp-content\/uploads\/2025\/10\/kenya-gfop-marinyn.png?resize=525%2C300&ssl=1 1.5x, https:\/\/i0.wp.com\/teasense.ch\/wp-content\/uploads\/2025\/10\/kenya-gfop-marinyn.png?resize=700%2C400&ssl=1 2x"},"classes":[]},{"id":43056,"url":"https:\/\/teasense.ch\/produit\/orange-pekoe\/","url_meta":{"origin":49126,"position":3},"title":"Orange Pekoe","author":"Reale Selection","date":"13. September 2024","format":false,"excerpt":"Schwarzer Tee aus den Azoren (Portugal) Zubereitung Ch\u00e1 Gorreana Orange Pekoe \ud83e\udd44 1 geh\u00e4ufter TL (ca. 2 g) auf 200 ml Wasser\ud83c\udf21\ufe0f 90 \u2013 95 \u00b0C\u23f3 3 \u2013 5 Minuten ziehen lassen","rel":"","context":"Similar post","block_context":{"text":"Similar post","link":""},"img":{"alt_text":"acores-orange-pekoe-loose-leaf-100g","src":"https:\/\/i0.wp.com\/teasense.ch\/wp-content\/uploads\/2024\/09\/acores-orange-pekoe-loose-leaf-100g.png?resize=350%2C200&ssl=1","width":350,"height":200,"srcset":"https:\/\/i0.wp.com\/teasense.ch\/wp-content\/uploads\/2024\/09\/acores-orange-pekoe-loose-leaf-100g.png?resize=350%2C200&ssl=1 1x, https:\/\/i0.wp.com\/teasense.ch\/wp-content\/uploads\/2024\/09\/acores-orange-pekoe-loose-leaf-100g.png?resize=525%2C300&ssl=1 1.5x, https:\/\/i0.wp.com\/teasense.ch\/wp-content\/uploads\/2024\/09\/acores-orange-pekoe-loose-leaf-100g.png?resize=700%2C400&ssl=1 2x"},"classes":[]},{"id":48156,"url":"https:\/\/teasense.ch\/fr\/produit\/the-noir-cerise-sauvage\/","url_meta":{"origin":49126,"position":4},"title":"Th\u00e9 noir cerise sauvage","author":"Reale Selection","date":"17. December 2025","format":false,"excerpt":"Pr\u00e9paration th\u00e9 noir cerise sauvage naturel \ud83e\udd44 1 \u2013 2 c. \u00e0 c. par tasse (12 g\/litre)\ud83c\udf21\ufe0f 100 \u00b0C\u23f3 3 minutes","rel":"","context":"Similar post","block_context":{"text":"Similar post","link":""},"img":{"alt_text":"Schwarztee Wildkirsche Nat\u00fcrliche Teemischung","src":"https:\/\/i0.wp.com\/teasense.ch\/wp-content\/uploads\/2025\/12\/schwarztee-wildkirsche.png?resize=350%2C200&ssl=1","width":350,"height":200,"srcset":"https:\/\/i0.wp.com\/teasense.ch\/wp-content\/uploads\/2025\/12\/schwarztee-wildkirsche.png?resize=350%2C200&ssl=1 1x, https:\/\/i0.wp.com\/teasense.ch\/wp-content\/uploads\/2025\/12\/schwarztee-wildkirsche.png?resize=525%2C300&ssl=1 1.5x, https:\/\/i0.wp.com\/teasense.ch\/wp-content\/uploads\/2025\/12\/schwarztee-wildkirsche.png?resize=700%2C400&ssl=1 2x"},"classes":[]},{"id":48451,"url":"https:\/\/teasense.ch\/fr\/produit\/composition-the\/","url_meta":{"origin":49126,"position":5},"title":"Composition de th\u00e9","author":"Reale Selection","date":"16. December 2025","format":false,"excerpt":"Pr\u00e9paration \ud83e\udd44 1 \u2013 2 c. \u00e0 caf\u00e9 par tasse (12 g\/litre)\ud83c\udf21\ufe0f 100 \u00b0C\u23f3 3 minutes","rel":"","context":"Similar post","block_context":{"text":"Similar post","link":""},"img":{"alt_text":"Tee Trilogie \u2013 Schwarz-, Gr\u00fcn- und Pu-Erh-Tee","src":"https:\/\/i0.wp.com\/teasense.ch\/wp-content\/uploads\/2025\/12\/tee-trilogie-%E2%80%93-schwarz-gruen-und-pu-erh-tee.png?resize=350%2C200&ssl=1","width":350,"height":200,"srcset":"https:\/\/i0.wp.com\/teasense.ch\/wp-content\/uploads\/2025\/12\/tee-trilogie-%E2%80%93-schwarz-gruen-und-pu-erh-tee.png?resize=350%2C200&ssl=1 1x, https:\/\/i0.wp.com\/teasense.ch\/wp-content\/uploads\/2025\/12\/tee-trilogie-%E2%80%93-schwarz-gruen-und-pu-erh-tee.png?resize=525%2C300&ssl=1 1.5x, https:\/\/i0.wp.com\/teasense.ch\/wp-content\/uploads\/2025\/12\/tee-trilogie-%E2%80%93-schwarz-gruen-und-pu-erh-tee.png?resize=700%2C400&ssl=1 2x"},"classes":[]}],"jetpack_sharing_enabled":true,"jetpack_likes_enabled":false,"_links":{"self":[{"href":"https:\/\/teasense.ch\/fr\/wp-json\/wp\/v2\/product\/49126","targetHints":{"allow":["GET"]}}],"collection":[{"href":"https:\/\/teasense.ch\/fr\/wp-json\/wp\/v2\/product"}],"about":[{"href":"https:\/\/teasense.ch\/fr\/wp-json\/wp\/v2\/types\/product"}],"replies":[{"embeddable":true,"href":"https:\/\/teasense.ch\/fr\/wp-json\/wp\/v2\/comments?post=49126"}],"wp:featuredmedia":[{"embeddable":true,"href":"https:\/\/teasense.ch\/fr\/wp-json\/wp\/v2\/media\/43047"}],"wp:attachment":[{"href":"https:\/\/teasense.ch\/fr\/wp-json\/wp\/v2\/media?parent=49126"}],"wp:term":[{"taxonomy":"product_brand","embeddable":true,"href":"https:\/\/teasense.ch\/fr\/wp-json\/wp\/v2\/product_brand?post=49126"},{"taxonomy":"product_cat","embeddable":true,"href":"https:\/\/teasense.ch\/fr\/wp-json\/wp\/v2\/product_cat?post=49126"},{"taxonomy":"product_tag","embeddable":true,"href":"https:\/\/teasense.ch\/fr\/wp-json\/wp\/v2\/product_tag?post=49126"}],"curies":[{"name":"wp","href":"https:\/\/api.w.org\/{rel}","templated":true}]}}