{"id":48573,"date":"2025-10-22T16:00:26","date_gmt":"2025-10-22T14:00:26","guid":{"rendered":"https:\/\/teasense.ch\/produkt\/miscela-curcuma-spezie\/"},"modified":"2025-10-22T16:00:26","modified_gmt":"2025-10-22T14:00:26","slug":"miscela-curcuma-spezie","status":"publish","type":"product","link":"https:\/\/teasense.ch\/it\/prodotto\/miscela-curcuma-spezie\/","title":{"rendered":"Miscela di spezie alla curcuma"},"content":{"rendered":"<h2>Curcuma &#8211; Momenti della coppa d&#8217;oro e cucina creativa<\/h2>\n<p>Curcuma con citronella, limone, zenzero e coriandolo. Ideale come infuso, in cucina o per una bevanda alla curcuma.  <\/p>\n<h3>Aromatische Zutaten f\u00fcr echten Geschmack<\/h3>\n<p>La nostra miscela unisce curcuma, citronella, limone, zenzero e coriandolo. La curcuma le conferisce il suo caratteristico colore giallo dorato. La citronella e il limone aggiungono una nota di freschezza, mentre lo zenzero e il coriandolo ne arrotondano delicatamente il sapore. Il risultato \u00e8 un gusto armonioso e leggermente speziato, delizioso sia come tisana che in cucina.   <\/p>\n<h3>Momenti caldi e cucina creativa<\/h3>\n<p>Da gustare come un t\u00e8: versate acqua calda su un cucchiaino di miscela. In questo modo potrete assaporare il gusto aromatico e speziato, completamente senza additivi artificiali. <\/p>\n<p>Nei curry, nei piatti di riso e nelle zuppe: questa miscela \u00e8 perfetta per arricchire le vostre pietanze. Curry, piatti di riso o zuppe acquistano colore, aroma e un tocco esotico. <\/p>\n<h3>Latte dorato alla curcuma<\/h3>\n<p>Per un caldo latte alla curcuma, basta mescolare un cucchiaino di curcuma nel latte caldo o nel latte vegetale. Poi montate brevemente e gustate: una deliziosa alternativa per i momenti di relax. <\/p>\n<p>Gerade in der k\u00fchleren Jahreszeit bringt der goldene Mix W\u00e4rme, Farbe und echten Genuss. Er ist ideal f\u00fcr alle, die nat\u00fcrliche Zutaten und aromatische Vielfalt sch\u00e4tzen. <\/p>\n<p><strong>Ingredienti<\/strong>: curcuma, citronella, limone, zenzero, coriandolo<\/p>\n<h4>Scopri di pi\u00f9 sulla curcuma<\/h4>\n<p>Se ti piace la curcuma, prova il nostro <a href=\"https:\/\/teasense.ch\/prodotto\/ingwer-kurkuma-tee\/\">t\u00e8 allo zenzero e curcuma<\/a>. Questa miscela finemente bilanciata offre una freschezza e un aroma speziato extra per momenti speciali di piacere. <\/p>\n","protected":false},"excerpt":{"rendered":"<ul>\n<li>Curcuma con citronella, limone, zenzero e coriandolo<\/li>\n<li>Ideale come infuso, in cucina o per una bevanda alla curcuma<\/li>\n<li>Colore dorato, 100 % ingredienti naturali \u2013 senza additivi<\/li>\n<\/ul>\n","protected":false},"featured_media":47184,"comment_status":"open","ping_status":"closed","template":"","meta":{"_et_pb_use_builder":"","_et_pb_old_content":"","_et_gb_content_width":""},"product_brand":[],"product_cat":[407,395,340],"product_tag":[],"class_list":{"0":"post-48573","1":"product","2":"type-product","3":"status-publish","4":"has-post-thumbnail","6":"product_cat-chai","7":"product_cat-frutta-spezie","8":"product_cat-tutti-prodotti","9":"pa_herkunft-germania","10":"pa_weight-50-g","11":"pa_weight-80-g","13":"first","14":"instock","15":"shipping-taxable","16":"purchasable","17":"product-type-variable","18":"has-default-attributes","19":"add-to-wishlist-before_image"},"yoast_head":"<!-- This site is optimized with the Yoast SEO plugin v27.4 - https:\/\/yoast.com\/product\/yoast-seo-wordpress\/ -->\n<title>Miscela di spezie alla curcuma - TeaSense.ch - Tee Shop Schweiz<\/title>\n<meta name=\"description\" content=\"Miscela di curcuma con citronella, limone, zenzero e coriandolo. Per infusi e cucina.\" \/>\n<meta name=\"robots\" content=\"index, follow, max-snippet:-1, max-image-preview:large, max-video-preview:-1\" \/>\n<link rel=\"canonical\" href=\"https:\/\/teasense.ch\/it\/prodotto\/miscela-curcuma-spezie\/\" \/>\n<meta property=\"og:locale\" content=\"it_IT\" \/>\n<meta property=\"og:type\" content=\"article\" \/>\n<meta property=\"og:title\" content=\"Miscela di spezie alla curcuma - TeaSense.ch - Tee Shop Schweiz\" \/>\n<meta property=\"og:description\" content=\"Miscela di curcuma con citronella, limone, zenzero e coriandolo. Per infusi e cucina.\" \/>\n<meta property=\"og:url\" content=\"https:\/\/teasense.ch\/it\/prodotto\/miscela-curcuma-spezie\/\" \/>\n<meta property=\"og:site_name\" content=\"TeaSense.ch - Tee Shop Schweiz\" \/>\n<meta property=\"article:publisher\" content=\"https:\/\/www.facebook.com\/teasense.ch\" \/>\n<meta property=\"og:image\" content=\"https:\/\/teasense.ch\/wp-content\/uploads\/2025\/09\/kurkuma-zitrone-1.png\" \/>\n\t<meta property=\"og:image:width\" content=\"800\" \/>\n\t<meta property=\"og:image:height\" content=\"800\" \/>\n\t<meta property=\"og:image:type\" content=\"image\/png\" \/>\n<meta name=\"twitter:card\" content=\"summary_large_image\" \/>\n<meta name=\"twitter:label1\" content=\"Est. reading time\" \/>\n\t<meta name=\"twitter:data1\" content=\"1 minute\" \/>\n<!-- \/ Yoast SEO plugin. -->","yoast_head_json":{"title":"Miscela di spezie alla curcuma - TeaSense.ch - Tee Shop Schweiz","description":"Miscela di curcuma con citronella, limone, zenzero e coriandolo. Per infusi e cucina.","robots":{"index":"index","follow":"follow","max-snippet":"max-snippet:-1","max-image-preview":"max-image-preview:large","max-video-preview":"max-video-preview:-1"},"canonical":"https:\/\/teasense.ch\/it\/prodotto\/miscela-curcuma-spezie\/","og_locale":"it_IT","og_type":"article","og_title":"Miscela di spezie alla curcuma - TeaSense.ch - Tee Shop Schweiz","og_description":"Miscela di curcuma con citronella, limone, zenzero e coriandolo. Per infusi e cucina.","og_url":"https:\/\/teasense.ch\/it\/prodotto\/miscela-curcuma-spezie\/","og_site_name":"TeaSense.ch - Tee Shop Schweiz","article_publisher":"https:\/\/www.facebook.com\/teasense.ch","og_image":[{"width":800,"height":800,"url":"https:\/\/teasense.ch\/wp-content\/uploads\/2025\/09\/kurkuma-zitrone-1.png","type":"image\/png"}],"twitter_card":"summary_large_image","twitter_misc":{"Est. reading time":"1 minute"},"schema":{"@context":"https:\/\/schema.org","@graph":[{"@type":"WebPage","@id":"https:\/\/teasense.ch\/it\/prodotto\/miscela-curcuma-spezie\/","url":"https:\/\/teasense.ch\/it\/prodotto\/miscela-curcuma-spezie\/","name":"Miscela di spezie alla curcuma - TeaSense.ch - Tee Shop Schweiz","isPartOf":{"@id":"https:\/\/teasense.ch\/it\/#website"},"primaryImageOfPage":{"@id":"https:\/\/teasense.ch\/it\/prodotto\/miscela-curcuma-spezie\/#primaryimage"},"image":{"@id":"https:\/\/teasense.ch\/it\/prodotto\/miscela-curcuma-spezie\/#primaryimage"},"thumbnailUrl":"https:\/\/teasense.ch\/wp-content\/uploads\/2025\/09\/kurkuma-zitrone-1.png","datePublished":"2025-10-22T14:00:26+00:00","description":"Miscela di curcuma con citronella, limone, zenzero e coriandolo. Per infusi e cucina.","breadcrumb":{"@id":"https:\/\/teasense.ch\/it\/prodotto\/miscela-curcuma-spezie\/#breadcrumb"},"inLanguage":"it-CH","potentialAction":[{"@type":"ReadAction","target":["https:\/\/teasense.ch\/it\/prodotto\/miscela-curcuma-spezie\/"]}]},{"@type":"ImageObject","inLanguage":"it-CH","@id":"https:\/\/teasense.ch\/it\/prodotto\/miscela-curcuma-spezie\/#primaryimage","url":"https:\/\/teasense.ch\/wp-content\/uploads\/2025\/09\/kurkuma-zitrone-1.png","contentUrl":"https:\/\/teasense.ch\/wp-content\/uploads\/2025\/09\/kurkuma-zitrone-1.png","width":800,"height":800,"caption":"Kurkuma Gew\u00fcrz-Mix Zitronengras, Zitrone, Ingwer und Koriander"},{"@type":"BreadcrumbList","@id":"https:\/\/teasense.ch\/it\/prodotto\/miscela-curcuma-spezie\/#breadcrumb","itemListElement":[{"@type":"ListItem","position":1,"name":"Startseite","item":"https:\/\/teasense.ch\/it\/startseite\/"},{"@type":"ListItem","position":2,"name":"Ordina t\u00e8 online in Svizzera","item":"https:\/\/teasense.ch\/it\/shop\/"},{"@type":"ListItem","position":3,"name":"Miscela di spezie alla curcuma"}]},{"@type":"WebSite","@id":"https:\/\/teasense.ch\/it\/#website","url":"https:\/\/teasense.ch\/it\/","name":"TeaSense.ch","description":"Nat\u00fcrliche Teemischungen und klassischer Tee","publisher":{"@id":"https:\/\/teasense.ch\/it\/#organization"},"alternateName":"TeaSense","potentialAction":[{"@type":"SearchAction","target":{"@type":"EntryPoint","urlTemplate":"https:\/\/teasense.ch\/it\/?s={search_term_string}"},"query-input":{"@type":"PropertyValueSpecification","valueRequired":true,"valueName":"search_term_string"}}],"inLanguage":"it-CH"},{"@type":"Organization","@id":"https:\/\/teasense.ch\/it\/#organization","name":"Reale Selection","alternateName":"TeaSense.ch","url":"https:\/\/teasense.ch\/it\/","logo":{"@type":"ImageObject","inLanguage":"it-CH","@id":"https:\/\/teasense.ch\/it\/#\/schema\/logo\/image\/","url":"https:\/\/teasense.ch\/wp-content\/uploads\/2023\/07\/cropped-logo-teasense-kategorie-onlineshop-alle-produkte.jpg","contentUrl":"https:\/\/teasense.ch\/wp-content\/uploads\/2023\/07\/cropped-logo-teasense-kategorie-onlineshop-alle-produkte.jpg","width":512,"height":512,"caption":"Reale Selection"},"image":{"@id":"https:\/\/teasense.ch\/it\/#\/schema\/logo\/image\/"},"sameAs":["https:\/\/www.facebook.com\/teasense.ch"]}]}},"jetpack-related-posts":[{"id":48482,"url":"https:\/\/teasense.ch\/it\/prodotto\/tisana-cacao-menta\/","url_meta":{"origin":48573,"position":0},"title":"Cacao Menta &#8211; Miscela di tisane","author":"Reale Selection","date":"16. November 2025","format":false,"excerpt":"Preparazione \ud83e\udd44 1 cucchiaino (10\u201312 g per litro)\ud83c\udf21\ufe0f 100 \u00b0C\u23f3 5 - 8 minuti","rel":"","context":"Similar post","block_context":{"text":"Similar post","link":""},"img":{"alt_text":"Schoko Minze - Kr\u00e4uterteemischung","src":"https:\/\/i0.wp.com\/teasense.ch\/wp-content\/uploads\/2025\/11\/schoko-minze-kraeuterteemischung.png?resize=350%2C200&ssl=1","width":350,"height":200,"srcset":"https:\/\/i0.wp.com\/teasense.ch\/wp-content\/uploads\/2025\/11\/schoko-minze-kraeuterteemischung.png?resize=350%2C200&ssl=1 1x, https:\/\/i0.wp.com\/teasense.ch\/wp-content\/uploads\/2025\/11\/schoko-minze-kraeuterteemischung.png?resize=525%2C300&ssl=1 1.5x, https:\/\/i0.wp.com\/teasense.ch\/wp-content\/uploads\/2025\/11\/schoko-minze-kraeuterteemischung.png?resize=700%2C400&ssl=1 2x"},"classes":[]},{"id":48150,"url":"https:\/\/teasense.ch\/it\/prodotto\/te-nero-vaniglia\/","url_meta":{"origin":48573,"position":1},"title":"T\u00e8 nero vaniglia","author":"Reale Selection","date":"17. December 2025","format":false,"excerpt":"Preparazione T\u00e8 nero vaniglia naturale \ud83e\udd44 1 \u2013 2 cucchiaini per tazza (12 g\/litro)\ud83c\udf21\ufe0f 100 \u00b0C\u23f3 3 minuti","rel":"","context":"Similar post","block_context":{"text":"Similar post","link":""},"img":{"alt_text":"Schwarztee Vanille Nat\u00fcrlich","src":"https:\/\/i0.wp.com\/teasense.ch\/wp-content\/uploads\/2025\/12\/vanille-schwarztee.png?resize=350%2C200&ssl=1","width":350,"height":200,"srcset":"https:\/\/i0.wp.com\/teasense.ch\/wp-content\/uploads\/2025\/12\/vanille-schwarztee.png?resize=350%2C200&ssl=1 1x, https:\/\/i0.wp.com\/teasense.ch\/wp-content\/uploads\/2025\/12\/vanille-schwarztee.png?resize=525%2C300&ssl=1 1.5x, https:\/\/i0.wp.com\/teasense.ch\/wp-content\/uploads\/2025\/12\/vanille-schwarztee.png?resize=700%2C400&ssl=1 2x"},"classes":[]},{"id":48459,"url":"https:\/\/teasense.ch\/it\/prodotto\/composizione-te\/","url_meta":{"origin":48573,"position":2},"title":"Composizione di t\u00e8","author":"Reale Selection","date":"16. December 2025","format":false,"excerpt":"Preparazione Composizione di t\u00e8 \ud83e\udd44 1\u20132 cucchiaini per tazza (12 g per litro)\ud83c\udf21\ufe0f 100 \u00b0C\u23f3 3 minuti","rel":"","context":"Similar post","block_context":{"text":"Similar post","link":""},"img":{"alt_text":"Tee Trilogie \u2013 Schwarz-, Gr\u00fcn- und Pu-Erh-Tee","src":"https:\/\/i0.wp.com\/teasense.ch\/wp-content\/uploads\/2025\/12\/tee-trilogie-%E2%80%93-schwarz-gruen-und-pu-erh-tee.png?resize=350%2C200&ssl=1","width":350,"height":200,"srcset":"https:\/\/i0.wp.com\/teasense.ch\/wp-content\/uploads\/2025\/12\/tee-trilogie-%E2%80%93-schwarz-gruen-und-pu-erh-tee.png?resize=350%2C200&ssl=1 1x, https:\/\/i0.wp.com\/teasense.ch\/wp-content\/uploads\/2025\/12\/tee-trilogie-%E2%80%93-schwarz-gruen-und-pu-erh-tee.png?resize=525%2C300&ssl=1 1.5x, https:\/\/i0.wp.com\/teasense.ch\/wp-content\/uploads\/2025\/12\/tee-trilogie-%E2%80%93-schwarz-gruen-und-pu-erh-tee.png?resize=700%2C400&ssl=1 2x"},"classes":[]},{"id":48467,"url":"https:\/\/teasense.ch\/it\/prodotto\/cucchiaio-te-legno-7-cm\/","url_meta":{"origin":48573,"position":3},"title":"Cucchiaio da t\u00e8 in legno 7 cm","author":"Reale Selection","date":"16. November 2025","format":false,"excerpt":"Lunghezza: 7 cm Materiale: legno","rel":"","context":"Similar post","block_context":{"text":"Similar post","link":""},"img":{"alt_text":"Teeschaufel aus Holz 7 cm f\u00fcr Losen Tee oder Gew\u00fcrze","src":"https:\/\/i0.wp.com\/teasense.ch\/wp-content\/uploads\/2025\/11\/teeschaufel-aus-holz-7-cm.png?resize=350%2C200&ssl=1","width":350,"height":200,"srcset":"https:\/\/i0.wp.com\/teasense.ch\/wp-content\/uploads\/2025\/11\/teeschaufel-aus-holz-7-cm.png?resize=350%2C200&ssl=1 1x, https:\/\/i0.wp.com\/teasense.ch\/wp-content\/uploads\/2025\/11\/teeschaufel-aus-holz-7-cm.png?resize=525%2C300&ssl=1 1.5x, https:\/\/i0.wp.com\/teasense.ch\/wp-content\/uploads\/2025\/11\/teeschaufel-aus-holz-7-cm.png?resize=700%2C400&ssl=1 2x"},"classes":[]},{"id":48144,"url":"https:\/\/teasense.ch\/it\/prodotto\/te-nero-ciliegia-selvatica\/","url_meta":{"origin":48573,"position":4},"title":"T\u00e8 nero Ciliegia selvatica","author":"Reale Selection","date":"17. December 2025","format":false,"excerpt":"Preparazione T\u00e8 nero Ciliegia selvatica naturale \ud83e\udd44 1 \u2013 2 cucchiaini per tazza (12 g\/litro)\ud83c\udf21\ufe0f 100 \u00b0C\u23f3 3 minuti","rel":"","context":"Similar post","block_context":{"text":"Similar post","link":""},"img":{"alt_text":"Schwarztee Wildkirsche Nat\u00fcrliche Teemischung","src":"https:\/\/i0.wp.com\/teasense.ch\/wp-content\/uploads\/2025\/12\/schwarztee-wildkirsche.png?resize=350%2C200&ssl=1","width":350,"height":200,"srcset":"https:\/\/i0.wp.com\/teasense.ch\/wp-content\/uploads\/2025\/12\/schwarztee-wildkirsche.png?resize=350%2C200&ssl=1 1x, https:\/\/i0.wp.com\/teasense.ch\/wp-content\/uploads\/2025\/12\/schwarztee-wildkirsche.png?resize=525%2C300&ssl=1 1.5x, https:\/\/i0.wp.com\/teasense.ch\/wp-content\/uploads\/2025\/12\/schwarztee-wildkirsche.png?resize=700%2C400&ssl=1 2x"},"classes":[]},{"id":48549,"url":"https:\/\/teasense.ch\/it\/prodotto\/soba-cha-te-grano-saraceno-al-forno\/","url_meta":{"origin":48573,"position":5},"title":"Soba Cha \u2013 t\u00e8 di grano saraceno al forno","author":"Reale Selection","date":"10. November 2025","format":false,"excerpt":"\ud83e\udd44 2 cucchiaini per tazza (14 g\/litro) \ud83c\udf21\ufe0f 100 \u00b0C \u23f3 2 minuti","rel":"","context":"Similar post","block_context":{"text":"Similar post","link":""},"img":{"alt_text":"Soba Cha \u2013 gebackener Buchweizen Tee","src":"https:\/\/i0.wp.com\/teasense.ch\/wp-content\/uploads\/2025\/11\/buchweizen.png?resize=350%2C200&ssl=1","width":350,"height":200,"srcset":"https:\/\/i0.wp.com\/teasense.ch\/wp-content\/uploads\/2025\/11\/buchweizen.png?resize=350%2C200&ssl=1 1x, https:\/\/i0.wp.com\/teasense.ch\/wp-content\/uploads\/2025\/11\/buchweizen.png?resize=525%2C300&ssl=1 1.5x, https:\/\/i0.wp.com\/teasense.ch\/wp-content\/uploads\/2025\/11\/buchweizen.png?resize=700%2C400&ssl=1 2x"},"classes":[]}],"jetpack_sharing_enabled":true,"jetpack_likes_enabled":false,"_links":{"self":[{"href":"https:\/\/teasense.ch\/it\/wp-json\/wp\/v2\/product\/48573","targetHints":{"allow":["GET"]}}],"collection":[{"href":"https:\/\/teasense.ch\/it\/wp-json\/wp\/v2\/product"}],"about":[{"href":"https:\/\/teasense.ch\/it\/wp-json\/wp\/v2\/types\/product"}],"replies":[{"embeddable":true,"href":"https:\/\/teasense.ch\/it\/wp-json\/wp\/v2\/comments?post=48573"}],"wp:featuredmedia":[{"embeddable":true,"href":"https:\/\/teasense.ch\/it\/wp-json\/wp\/v2\/media\/47184"}],"wp:attachment":[{"href":"https:\/\/teasense.ch\/it\/wp-json\/wp\/v2\/media?parent=48573"}],"wp:term":[{"taxonomy":"product_brand","embeddable":true,"href":"https:\/\/teasense.ch\/it\/wp-json\/wp\/v2\/product_brand?post=48573"},{"taxonomy":"product_cat","embeddable":true,"href":"https:\/\/teasense.ch\/it\/wp-json\/wp\/v2\/product_cat?post=48573"},{"taxonomy":"product_tag","embeddable":true,"href":"https:\/\/teasense.ch\/it\/wp-json\/wp\/v2\/product_tag?post=48573"}],"curies":[{"name":"wp","href":"https:\/\/api.w.org\/{rel}","templated":true}]}}