{"id":48798,"date":"2025-09-30T11:49:48","date_gmt":"2025-09-30T09:49:48","guid":{"rendered":"https:\/\/teasense.ch\/produkt\/sapori-autunno-infuso-frutta\/"},"modified":"2025-09-30T11:49:48","modified_gmt":"2025-09-30T09:49:48","slug":"sapori-autunno-infuso-frutta","status":"publish","type":"product","link":"https:\/\/teasense.ch\/it\/prodotto\/sapori-autunno-infuso-frutta\/","title":{"rendered":"Sapori d\u2019autunno \u2013 Infuso di frutta"},"content":{"rendered":"<h2>Un accompagnamento aromatico per le giornate autunnali<\/h2>\n<p>L\u2019infuso Sapori d\u2019autunno \u00e8 una miscela equilibrata che unisce freschezza fruttata e calore speziato. Ingredienti selezionati come mela, zenzero e cannella si combinano con ibisco, scorza di limone ed erbe come menta piperita e verbena. Ne nasce un infuso ricco e armonioso, apprezzato per il suo colore intenso e il gusto sfaccettato.<\/p>\n<h3>Consiglio di preparazione<\/h3>\n<p>Per ottenere il miglior risultato, utilizzare 12\u201315 grammi per litro di acqua bollente. Lasciare in infusione per 7\u201310 minuti. Si ottiene una tazza equilibrata dal carattere fruttato e leggermente speziato, ideale per una pausa rilassante.<\/p>\n<p><strong>Ingredienti infuso Sapori d\u2019autunno:<\/strong><br \/>\nmela, zenzero, cannella, rosa canina, radice di liquirizia, ibisco, scorza di limone, menta piperita, verbena.<\/p>\n<h4>Scopri altre creazioni di t\u00e8<\/h4>\n<p>Se ti piace questo infuso, prova anche il nostro <a href=\"https:\/\/teasense.ch\/it\/prodotto\/infuso-orso-morbido\/\">infuso Orso Morbido<\/a>.<br \/>\nQuesta miscela combina note fruttate con erbe delicate per una tazza speciale.<\/p>\n","protected":false},"excerpt":{"rendered":"<h4>Preparazione infuso Sapori d\u2019autunno<\/h4>\n<p>\ud83e\udd44 12\u201315 g\/l<br \/>\n\ud83c\udf21\ufe0f 100 \u00b0C<br \/>\n\u23f3 7\u201310 minuti<\/p>\n","protected":false},"featured_media":47176,"comment_status":"open","ping_status":"closed","template":"","meta":{"_et_pb_use_builder":"","_et_pb_old_content":"","_et_gb_content_width":""},"product_brand":[],"product_cat":[413,339,340],"product_tag":[],"class_list":{"0":"post-48798","1":"product","2":"type-product","3":"status-publish","4":"has-post-thumbnail","6":"product_cat-infuso-frutta","7":"product_cat-te-sfuso","8":"product_cat-tutti-prodotti","9":"pa_herkunft-germania","10":"pa_weight-100-g","11":"pa_weight-200-g","12":"pa_weight-400-g","13":"pa_weight-50-g","15":"first","16":"instock","17":"shipping-taxable","18":"purchasable","19":"product-type-variable","20":"has-default-attributes","21":"add-to-wishlist-before_image"},"yoast_head":"<!-- This site is optimized with the Yoast SEO plugin v27.5 - https:\/\/yoast.com\/product\/yoast-seo-wordpress\/ -->\n<title>Sapori d\u2019autunno \u2013 Infuso di frutta - TeaSense.ch - Tee Shop Schweiz<\/title>\n<meta name=\"description\" content=\"Infuso Sapori d\u2019autunno \ud83c\udf42 Miscela fruttata e speziata con mela, zenzero e cannella \u2013 perfetta per momenti di relax.\" \/>\n<meta name=\"robots\" content=\"index, follow, max-snippet:-1, max-image-preview:large, max-video-preview:-1\" \/>\n<link rel=\"canonical\" href=\"https:\/\/teasense.ch\/it\/prodotto\/sapori-autunno-infuso-frutta\/\" \/>\n<meta property=\"og:locale\" content=\"it_IT\" \/>\n<meta property=\"og:type\" content=\"article\" \/>\n<meta property=\"og:title\" content=\"Sapori d\u2019autunno \u2013 Infuso di frutta - TeaSense.ch - Tee Shop Schweiz\" \/>\n<meta property=\"og:description\" content=\"Infuso Sapori d\u2019autunno \ud83c\udf42 Miscela fruttata e speziata con mela, zenzero e cannella \u2013 perfetta per momenti di relax.\" \/>\n<meta property=\"og:url\" content=\"https:\/\/teasense.ch\/it\/prodotto\/sapori-autunno-infuso-frutta\/\" \/>\n<meta property=\"og:site_name\" content=\"TeaSense.ch - Tee Shop Schweiz\" \/>\n<meta property=\"article:publisher\" content=\"https:\/\/www.facebook.com\/teasense.ch\" \/>\n<meta property=\"og:image\" content=\"https:\/\/teasense.ch\/wp-content\/uploads\/2025\/02\/hibiskus-tee-lose-und-aufgegossen-in-Tassen.png\" \/>\n\t<meta property=\"og:image:width\" content=\"800\" \/>\n\t<meta property=\"og:image:height\" content=\"800\" \/>\n\t<meta property=\"og:image:type\" content=\"image\/png\" \/>\n<meta name=\"twitter:card\" content=\"summary_large_image\" \/>\n<meta name=\"twitter:label1\" content=\"Est. reading time\" \/>\n\t<meta name=\"twitter:data1\" content=\"1 minute\" \/>\n<!-- \/ Yoast SEO plugin. -->","yoast_head_json":{"title":"Sapori d\u2019autunno \u2013 Infuso di frutta - TeaSense.ch - Tee Shop Schweiz","description":"Infuso Sapori d\u2019autunno \ud83c\udf42 Miscela fruttata e speziata con mela, zenzero e cannella \u2013 perfetta per momenti di relax.","robots":{"index":"index","follow":"follow","max-snippet":"max-snippet:-1","max-image-preview":"max-image-preview:large","max-video-preview":"max-video-preview:-1"},"canonical":"https:\/\/teasense.ch\/it\/prodotto\/sapori-autunno-infuso-frutta\/","og_locale":"it_IT","og_type":"article","og_title":"Sapori d\u2019autunno \u2013 Infuso di frutta - TeaSense.ch - Tee Shop Schweiz","og_description":"Infuso Sapori d\u2019autunno \ud83c\udf42 Miscela fruttata e speziata con mela, zenzero e cannella \u2013 perfetta per momenti di relax.","og_url":"https:\/\/teasense.ch\/it\/prodotto\/sapori-autunno-infuso-frutta\/","og_site_name":"TeaSense.ch - Tee Shop Schweiz","article_publisher":"https:\/\/www.facebook.com\/teasense.ch","og_image":[{"width":800,"height":800,"url":"https:\/\/teasense.ch\/wp-content\/uploads\/2025\/02\/hibiskus-tee-lose-und-aufgegossen-in-Tassen.png","type":"image\/png"}],"twitter_card":"summary_large_image","twitter_misc":{"Est. reading time":"1 minute"},"schema":{"@context":"https:\/\/schema.org","@graph":[{"@type":"WebPage","@id":"https:\/\/teasense.ch\/it\/prodotto\/sapori-autunno-infuso-frutta\/","url":"https:\/\/teasense.ch\/it\/prodotto\/sapori-autunno-infuso-frutta\/","name":"Sapori d\u2019autunno \u2013 Infuso di frutta - TeaSense.ch - Tee Shop Schweiz","isPartOf":{"@id":"https:\/\/teasense.ch\/it\/#website"},"primaryImageOfPage":{"@id":"https:\/\/teasense.ch\/it\/prodotto\/sapori-autunno-infuso-frutta\/#primaryimage"},"image":{"@id":"https:\/\/teasense.ch\/it\/prodotto\/sapori-autunno-infuso-frutta\/#primaryimage"},"thumbnailUrl":"https:\/\/teasense.ch\/wp-content\/uploads\/2025\/09\/herbst1.png","datePublished":"2025-09-30T09:49:48+00:00","description":"Infuso Sapori d\u2019autunno \ud83c\udf42 Miscela fruttata e speziata con mela, zenzero e cannella \u2013 perfetta per momenti di relax.","breadcrumb":{"@id":"https:\/\/teasense.ch\/it\/prodotto\/sapori-autunno-infuso-frutta\/#breadcrumb"},"inLanguage":"it-CH","potentialAction":[{"@type":"ReadAction","target":["https:\/\/teasense.ch\/it\/prodotto\/sapori-autunno-infuso-frutta\/"]}]},{"@type":"ImageObject","inLanguage":"it-CH","@id":"https:\/\/teasense.ch\/it\/prodotto\/sapori-autunno-infuso-frutta\/#primaryimage","url":"https:\/\/teasense.ch\/wp-content\/uploads\/2025\/09\/herbst1.png","contentUrl":"https:\/\/teasense.ch\/wp-content\/uploads\/2025\/09\/herbst1.png","width":800,"height":800,"caption":"Herbstgef\u00fchle - Fr\u00fcchtetee, loser Fr\u00fcchtetee mit Kr\u00e4utern"},{"@type":"BreadcrumbList","@id":"https:\/\/teasense.ch\/it\/prodotto\/sapori-autunno-infuso-frutta\/#breadcrumb","itemListElement":[{"@type":"ListItem","position":1,"name":"Startseite","item":"https:\/\/teasense.ch\/it\/startseite\/"},{"@type":"ListItem","position":2,"name":"Ordina t\u00e8 online in Svizzera","item":"https:\/\/teasense.ch\/it\/shop\/"},{"@type":"ListItem","position":3,"name":"Sapori d\u2019autunno \u2013 Infuso di frutta"}]},{"@type":"WebSite","@id":"https:\/\/teasense.ch\/it\/#website","url":"https:\/\/teasense.ch\/it\/","name":"TeaSense.ch","description":"Nat\u00fcrliche Teemischungen und klassischer Tee","publisher":{"@id":"https:\/\/teasense.ch\/it\/#organization"},"alternateName":"TeaSense","potentialAction":[{"@type":"SearchAction","target":{"@type":"EntryPoint","urlTemplate":"https:\/\/teasense.ch\/it\/?s={search_term_string}"},"query-input":{"@type":"PropertyValueSpecification","valueRequired":true,"valueName":"search_term_string"}}],"inLanguage":"it-CH"},{"@type":"Organization","@id":"https:\/\/teasense.ch\/it\/#organization","name":"Reale Selection","alternateName":"TeaSense.ch","url":"https:\/\/teasense.ch\/it\/","logo":{"@type":"ImageObject","inLanguage":"it-CH","@id":"https:\/\/teasense.ch\/it\/#\/schema\/logo\/image\/","url":"https:\/\/teasense.ch\/wp-content\/uploads\/2023\/07\/cropped-logo-teasense-kategorie-onlineshop-alle-produkte.jpg","contentUrl":"https:\/\/teasense.ch\/wp-content\/uploads\/2023\/07\/cropped-logo-teasense-kategorie-onlineshop-alle-produkte.jpg","width":512,"height":512,"caption":"Reale Selection"},"image":{"@id":"https:\/\/teasense.ch\/it\/#\/schema\/logo\/image\/"},"sameAs":["https:\/\/www.facebook.com\/teasense.ch"]}]}},"jetpack-related-posts":[{"id":48482,"url":"https:\/\/teasense.ch\/it\/prodotto\/tisana-cacao-menta\/","url_meta":{"origin":48798,"position":0},"title":"Cacao Menta &#8211; Miscela di tisane","author":"Reale Selection","date":"16. November 2025","format":false,"excerpt":"Preparazione \ud83e\udd44 1 cucchiaino (10\u201312 g per litro)\ud83c\udf21\ufe0f 100 \u00b0C\u23f3 5 - 8 minuti","rel":"","context":"Similar post","block_context":{"text":"Similar post","link":""},"img":{"alt_text":"Schoko Minze - Kr\u00e4uterteemischung","src":"https:\/\/i0.wp.com\/teasense.ch\/wp-content\/uploads\/2025\/11\/schoko-minze-kraeuterteemischung.png?resize=350%2C200&ssl=1","width":350,"height":200,"srcset":"https:\/\/i0.wp.com\/teasense.ch\/wp-content\/uploads\/2025\/11\/schoko-minze-kraeuterteemischung.png?resize=350%2C200&ssl=1 1x, https:\/\/i0.wp.com\/teasense.ch\/wp-content\/uploads\/2025\/11\/schoko-minze-kraeuterteemischung.png?resize=525%2C300&ssl=1 1.5x, https:\/\/i0.wp.com\/teasense.ch\/wp-content\/uploads\/2025\/11\/schoko-minze-kraeuterteemischung.png?resize=700%2C400&ssl=1 2x"},"classes":[]},{"id":48150,"url":"https:\/\/teasense.ch\/it\/prodotto\/te-nero-vaniglia\/","url_meta":{"origin":48798,"position":1},"title":"T\u00e8 nero vaniglia","author":"Reale Selection","date":"17. December 2025","format":false,"excerpt":"Preparazione T\u00e8 nero vaniglia naturale \ud83e\udd44 1 \u2013 2 cucchiaini per tazza (12 g\/litro)\ud83c\udf21\ufe0f 100 \u00b0C\u23f3 3 minuti","rel":"","context":"Similar post","block_context":{"text":"Similar post","link":""},"img":{"alt_text":"Schwarztee Vanille Nat\u00fcrlich","src":"https:\/\/i0.wp.com\/teasense.ch\/wp-content\/uploads\/2025\/12\/vanille-schwarztee.png?resize=350%2C200&ssl=1","width":350,"height":200,"srcset":"https:\/\/i0.wp.com\/teasense.ch\/wp-content\/uploads\/2025\/12\/vanille-schwarztee.png?resize=350%2C200&ssl=1 1x, https:\/\/i0.wp.com\/teasense.ch\/wp-content\/uploads\/2025\/12\/vanille-schwarztee.png?resize=525%2C300&ssl=1 1.5x, https:\/\/i0.wp.com\/teasense.ch\/wp-content\/uploads\/2025\/12\/vanille-schwarztee.png?resize=700%2C400&ssl=1 2x"},"classes":[]},{"id":48573,"url":"https:\/\/teasense.ch\/it\/prodotto\/miscela-curcuma-spezie\/","url_meta":{"origin":48798,"position":2},"title":"Miscela di spezie alla curcuma","author":"Reale Selection","date":"22. October 2025","format":false,"excerpt":"Curcuma con citronella, limone, zenzero e coriandolo Ideale come infuso, in cucina o per una bevanda alla curcuma Colore dorato, 100 % ingredienti naturali \u2013 senza additivi","rel":"","context":"Similar post","block_context":{"text":"Similar post","link":""},"img":{"alt_text":"Kurkuma Gew\u00fcrz-Mix Zitronengras, Zitrone, Ingwer und Koriander","src":"https:\/\/i0.wp.com\/teasense.ch\/wp-content\/uploads\/2025\/09\/kurkuma-zitrone-1.png?resize=350%2C200&ssl=1","width":350,"height":200,"srcset":"https:\/\/i0.wp.com\/teasense.ch\/wp-content\/uploads\/2025\/09\/kurkuma-zitrone-1.png?resize=350%2C200&ssl=1 1x, https:\/\/i0.wp.com\/teasense.ch\/wp-content\/uploads\/2025\/09\/kurkuma-zitrone-1.png?resize=525%2C300&ssl=1 1.5x, https:\/\/i0.wp.com\/teasense.ch\/wp-content\/uploads\/2025\/09\/kurkuma-zitrone-1.png?resize=700%2C400&ssl=1 2x"},"classes":[]},{"id":48599,"url":"https:\/\/teasense.ch\/it\/prodotto\/pu-erh-limone\/","url_meta":{"origin":48798,"position":3},"title":"Pu Erh Limone","author":"Reale Selection","date":"13. October 2025","format":false,"excerpt":"Preparazione Pu Erh Limone \ud83e\udd441 cucchiaino per 200 ml\ud83c\udf21\ufe0f 90 \u00b0C\u23f3 2 minuti","rel":"","context":"Similar post","block_context":{"text":"Similar post","link":""},"img":{"alt_text":"Pu Erh Zitrone - China Pu Erh Tee mit der frischen Note von Zitronenschalen und Lemongras","src":"https:\/\/i0.wp.com\/teasense.ch\/wp-content\/uploads\/2025\/10\/pu-erh-zitrone.png?resize=350%2C200&ssl=1","width":350,"height":200,"srcset":"https:\/\/i0.wp.com\/teasense.ch\/wp-content\/uploads\/2025\/10\/pu-erh-zitrone.png?resize=350%2C200&ssl=1 1x, https:\/\/i0.wp.com\/teasense.ch\/wp-content\/uploads\/2025\/10\/pu-erh-zitrone.png?resize=525%2C300&ssl=1 1.5x, https:\/\/i0.wp.com\/teasense.ch\/wp-content\/uploads\/2025\/10\/pu-erh-zitrone.png?resize=700%2C400&ssl=1 2x"},"classes":[]},{"id":48459,"url":"https:\/\/teasense.ch\/it\/prodotto\/composizione-te\/","url_meta":{"origin":48798,"position":4},"title":"Composizione di t\u00e8","author":"Reale Selection","date":"16. December 2025","format":false,"excerpt":"Preparazione Composizione di t\u00e8 \ud83e\udd44 1\u20132 cucchiaini per tazza (12 g per litro)\ud83c\udf21\ufe0f 100 \u00b0C\u23f3 3 minuti","rel":"","context":"Similar post","block_context":{"text":"Similar post","link":""},"img":{"alt_text":"Tee Trilogie \u2013 Schwarz-, Gr\u00fcn- und Pu-Erh-Tee","src":"https:\/\/i0.wp.com\/teasense.ch\/wp-content\/uploads\/2025\/12\/tee-trilogie-%E2%80%93-schwarz-gruen-und-pu-erh-tee.png?resize=350%2C200&ssl=1","width":350,"height":200,"srcset":"https:\/\/i0.wp.com\/teasense.ch\/wp-content\/uploads\/2025\/12\/tee-trilogie-%E2%80%93-schwarz-gruen-und-pu-erh-tee.png?resize=350%2C200&ssl=1 1x, https:\/\/i0.wp.com\/teasense.ch\/wp-content\/uploads\/2025\/12\/tee-trilogie-%E2%80%93-schwarz-gruen-und-pu-erh-tee.png?resize=525%2C300&ssl=1 1.5x, https:\/\/i0.wp.com\/teasense.ch\/wp-content\/uploads\/2025\/12\/tee-trilogie-%E2%80%93-schwarz-gruen-und-pu-erh-tee.png?resize=700%2C400&ssl=1 2x"},"classes":[]},{"id":48144,"url":"https:\/\/teasense.ch\/it\/prodotto\/te-nero-ciliegia-selvatica\/","url_meta":{"origin":48798,"position":5},"title":"T\u00e8 nero Ciliegia selvatica","author":"Reale Selection","date":"17. December 2025","format":false,"excerpt":"Preparazione T\u00e8 nero Ciliegia selvatica naturale \ud83e\udd44 1 \u2013 2 cucchiaini per tazza (12 g\/litro)\ud83c\udf21\ufe0f 100 \u00b0C\u23f3 3 minuti","rel":"","context":"Similar post","block_context":{"text":"Similar post","link":""},"img":{"alt_text":"Schwarztee Wildkirsche Nat\u00fcrliche Teemischung","src":"https:\/\/i0.wp.com\/teasense.ch\/wp-content\/uploads\/2025\/12\/schwarztee-wildkirsche.png?resize=350%2C200&ssl=1","width":350,"height":200,"srcset":"https:\/\/i0.wp.com\/teasense.ch\/wp-content\/uploads\/2025\/12\/schwarztee-wildkirsche.png?resize=350%2C200&ssl=1 1x, https:\/\/i0.wp.com\/teasense.ch\/wp-content\/uploads\/2025\/12\/schwarztee-wildkirsche.png?resize=525%2C300&ssl=1 1.5x, https:\/\/i0.wp.com\/teasense.ch\/wp-content\/uploads\/2025\/12\/schwarztee-wildkirsche.png?resize=700%2C400&ssl=1 2x"},"classes":[]}],"jetpack_sharing_enabled":true,"jetpack_likes_enabled":false,"_links":{"self":[{"href":"https:\/\/teasense.ch\/it\/wp-json\/wp\/v2\/product\/48798","targetHints":{"allow":["GET"]}}],"collection":[{"href":"https:\/\/teasense.ch\/it\/wp-json\/wp\/v2\/product"}],"about":[{"href":"https:\/\/teasense.ch\/it\/wp-json\/wp\/v2\/types\/product"}],"replies":[{"embeddable":true,"href":"https:\/\/teasense.ch\/it\/wp-json\/wp\/v2\/comments?post=48798"}],"wp:featuredmedia":[{"embeddable":true,"href":"https:\/\/teasense.ch\/it\/wp-json\/wp\/v2\/media\/47176"}],"wp:attachment":[{"href":"https:\/\/teasense.ch\/it\/wp-json\/wp\/v2\/media?parent=48798"}],"wp:term":[{"taxonomy":"product_brand","embeddable":true,"href":"https:\/\/teasense.ch\/it\/wp-json\/wp\/v2\/product_brand?post=48798"},{"taxonomy":"product_cat","embeddable":true,"href":"https:\/\/teasense.ch\/it\/wp-json\/wp\/v2\/product_cat?post=48798"},{"taxonomy":"product_tag","embeddable":true,"href":"https:\/\/teasense.ch\/it\/wp-json\/wp\/v2\/product_tag?post=48798"}],"curies":[{"name":"wp","href":"https:\/\/api.w.org\/{rel}","templated":true}]}}