{"id":48807,"date":"2025-09-19T14:23:14","date_gmt":"2025-09-19T12:23:14","guid":{"rendered":"https:\/\/teasense.ch\/produkt\/te-zenzero-curcuma\/"},"modified":"2025-09-19T14:23:14","modified_gmt":"2025-09-19T12:23:14","slug":"te-zenzero-curcuma","status":"publish","type":"product","link":"https:\/\/teasense.ch\/it\/prodotto\/te-zenzero-curcuma\/","title":{"rendered":"T\u00e8 zenzero-curcuma"},"content":{"rendered":"<h2>Miscela speziata \u2013 zenzero, curcuma, liquirizia<\/h2>\n<p>Il t\u00e8 zenzero-curcuma \u00e8 una miscela equilibrata che colpisce per il suo colore dorato e il profilo aromatico. La curcuma si unisce al carattere speziato dello zenzero, mentre la liquirizia dona una dolcezza naturale. Il risultato \u00e8 un infuso che invita a prendersi un momento di pausa.<\/p>\n<h3>Gusto e aroma<\/h3>\n<p>La miscela offre un equilibrio armonioso: lo zenzero porta freschezza, la curcuma una nota leggermente terrosa e la liquirizia completa il tutto con una dolcezza delicata. Un infuso ricco ma equilibrato.<\/p>\n<h3>Preparazione e versatilit\u00e0<\/h3>\n<p>Questo t\u00e8 \u00e8 molto versatile. Bevuto caldo \u00e8 perfetto nelle giornate pi\u00f9 fresche, mentre raffreddato diventa una bevanda rinfrescante. L\u2019intensit\u00e0 del gusto varia in base al tempo di infusione.<\/p>\n<h3>T\u00e8 zenzero-curcuma per ogni giorno<\/h3>\n<p>Adatto a qualsiasi momento della giornata, dal mattino alla sera. Il suo colore dorato e il gusto equilibrato lo rendono una scelta apprezzata per chi ama le miscele naturali.<\/p>\n<p><strong>Ingredienti:<\/strong> zenzero, curcuma, liquirizia<\/p>\n","protected":false},"excerpt":{"rendered":"<h4>Preparazione t\u00e8 zenzero-curcuma<\/h4>\n<p>\ud83e\udd44 1 cucchiaino per 200 ml di acqua<br \/>\n\ud83c\udf21\ufe0f 100 \u00b0C (acqua bollente)<br \/>\n\u23f3 5 minuti<\/p>\n","protected":false},"featured_media":47156,"comment_status":"open","ping_status":"closed","template":"","meta":{"_et_pb_use_builder":"","_et_pb_old_content":"","_et_gb_content_width":""},"product_brand":[],"product_cat":[407,340],"product_tag":[],"class_list":{"0":"post-48807","1":"product","2":"type-product","3":"status-publish","4":"has-post-thumbnail","6":"product_cat-chai","7":"product_cat-tutti-prodotti","8":"pa_herkunft-germania","9":"pa_weight-100-g","10":"pa_weight-200-g","11":"pa_weight-400-g","12":"pa_weight-50-g","14":"first","15":"instock","16":"shipping-taxable","17":"purchasable","18":"product-type-variable","19":"has-default-attributes","20":"add-to-wishlist-before_image"},"yoast_head":"<!-- This site is optimized with the Yoast SEO plugin v27.5 - https:\/\/yoast.com\/product\/yoast-seo-wordpress\/ -->\n<title>T\u00e8 zenzero-curcuma - TeaSense.ch - Tee Shop Schweiz<\/title>\n<meta name=\"description\" content=\"T\u00e8 zenzero-curcuma \ud83e\udeda Miscela speziata con zenzero, curcuma e liquirizia \u2013 aromatica e equilibrata.\" \/>\n<meta name=\"robots\" content=\"index, follow, max-snippet:-1, max-image-preview:large, max-video-preview:-1\" \/>\n<link rel=\"canonical\" href=\"https:\/\/teasense.ch\/it\/prodotto\/te-zenzero-curcuma\/\" \/>\n<meta property=\"og:locale\" content=\"it_IT\" \/>\n<meta property=\"og:type\" content=\"article\" \/>\n<meta property=\"og:title\" content=\"T\u00e8 zenzero-curcuma - TeaSense.ch - Tee Shop Schweiz\" \/>\n<meta property=\"og:description\" content=\"T\u00e8 zenzero-curcuma \ud83e\udeda Miscela speziata con zenzero, curcuma e liquirizia \u2013 aromatica e equilibrata.\" \/>\n<meta property=\"og:url\" content=\"https:\/\/teasense.ch\/it\/prodotto\/te-zenzero-curcuma\/\" \/>\n<meta property=\"og:site_name\" content=\"TeaSense.ch - Tee Shop Schweiz\" \/>\n<meta property=\"article:publisher\" content=\"https:\/\/www.facebook.com\/teasense.ch\" \/>\n<meta property=\"og:image\" content=\"https:\/\/teasense.ch\/wp-content\/uploads\/2025\/02\/hibiskus-tee-lose-und-aufgegossen-in-Tassen.png\" \/>\n\t<meta property=\"og:image:width\" content=\"800\" \/>\n\t<meta property=\"og:image:height\" content=\"800\" \/>\n\t<meta property=\"og:image:type\" content=\"image\/png\" \/>\n<meta name=\"twitter:card\" content=\"summary_large_image\" \/>\n<meta name=\"twitter:label1\" content=\"Est. reading time\" \/>\n\t<meta name=\"twitter:data1\" content=\"1 minute\" \/>\n<!-- \/ Yoast SEO plugin. -->","yoast_head_json":{"title":"T\u00e8 zenzero-curcuma - TeaSense.ch - Tee Shop Schweiz","description":"T\u00e8 zenzero-curcuma \ud83e\udeda Miscela speziata con zenzero, curcuma e liquirizia \u2013 aromatica e equilibrata.","robots":{"index":"index","follow":"follow","max-snippet":"max-snippet:-1","max-image-preview":"max-image-preview:large","max-video-preview":"max-video-preview:-1"},"canonical":"https:\/\/teasense.ch\/it\/prodotto\/te-zenzero-curcuma\/","og_locale":"it_IT","og_type":"article","og_title":"T\u00e8 zenzero-curcuma - TeaSense.ch - Tee Shop Schweiz","og_description":"T\u00e8 zenzero-curcuma \ud83e\udeda Miscela speziata con zenzero, curcuma e liquirizia \u2013 aromatica e equilibrata.","og_url":"https:\/\/teasense.ch\/it\/prodotto\/te-zenzero-curcuma\/","og_site_name":"TeaSense.ch - Tee Shop Schweiz","article_publisher":"https:\/\/www.facebook.com\/teasense.ch","og_image":[{"width":800,"height":800,"url":"https:\/\/teasense.ch\/wp-content\/uploads\/2025\/02\/hibiskus-tee-lose-und-aufgegossen-in-Tassen.png","type":"image\/png"}],"twitter_card":"summary_large_image","twitter_misc":{"Est. reading time":"1 minute"},"schema":{"@context":"https:\/\/schema.org","@graph":[{"@type":"WebPage","@id":"https:\/\/teasense.ch\/it\/prodotto\/te-zenzero-curcuma\/","url":"https:\/\/teasense.ch\/it\/prodotto\/te-zenzero-curcuma\/","name":"T\u00e8 zenzero-curcuma - TeaSense.ch - Tee Shop Schweiz","isPartOf":{"@id":"https:\/\/teasense.ch\/it\/#website"},"primaryImageOfPage":{"@id":"https:\/\/teasense.ch\/it\/prodotto\/te-zenzero-curcuma\/#primaryimage"},"image":{"@id":"https:\/\/teasense.ch\/it\/prodotto\/te-zenzero-curcuma\/#primaryimage"},"thumbnailUrl":"https:\/\/teasense.ch\/wp-content\/uploads\/2025\/09\/ingwer-kurkuma-teemischung.png","datePublished":"2025-09-19T12:23:14+00:00","description":"T\u00e8 zenzero-curcuma \ud83e\udeda Miscela speziata con zenzero, curcuma e liquirizia \u2013 aromatica e equilibrata.","breadcrumb":{"@id":"https:\/\/teasense.ch\/it\/prodotto\/te-zenzero-curcuma\/#breadcrumb"},"inLanguage":"it-CH","potentialAction":[{"@type":"ReadAction","target":["https:\/\/teasense.ch\/it\/prodotto\/te-zenzero-curcuma\/"]}]},{"@type":"ImageObject","inLanguage":"it-CH","@id":"https:\/\/teasense.ch\/it\/prodotto\/te-zenzero-curcuma\/#primaryimage","url":"https:\/\/teasense.ch\/wp-content\/uploads\/2025\/09\/ingwer-kurkuma-teemischung.png","contentUrl":"https:\/\/teasense.ch\/wp-content\/uploads\/2025\/09\/ingwer-kurkuma-teemischung.png","width":800,"height":800,"caption":"Ingwer Kurkuma Teemischung"},{"@type":"BreadcrumbList","@id":"https:\/\/teasense.ch\/it\/prodotto\/te-zenzero-curcuma\/#breadcrumb","itemListElement":[{"@type":"ListItem","position":1,"name":"Startseite","item":"https:\/\/teasense.ch\/it\/startseite\/"},{"@type":"ListItem","position":2,"name":"Ordina t\u00e8 online in Svizzera","item":"https:\/\/teasense.ch\/it\/shop\/"},{"@type":"ListItem","position":3,"name":"T\u00e8 zenzero-curcuma"}]},{"@type":"WebSite","@id":"https:\/\/teasense.ch\/it\/#website","url":"https:\/\/teasense.ch\/it\/","name":"TeaSense.ch","description":"Nat\u00fcrliche Teemischungen und klassischer Tee","publisher":{"@id":"https:\/\/teasense.ch\/it\/#organization"},"alternateName":"TeaSense","potentialAction":[{"@type":"SearchAction","target":{"@type":"EntryPoint","urlTemplate":"https:\/\/teasense.ch\/it\/?s={search_term_string}"},"query-input":{"@type":"PropertyValueSpecification","valueRequired":true,"valueName":"search_term_string"}}],"inLanguage":"it-CH"},{"@type":"Organization","@id":"https:\/\/teasense.ch\/it\/#organization","name":"Reale Selection","alternateName":"TeaSense.ch","url":"https:\/\/teasense.ch\/it\/","logo":{"@type":"ImageObject","inLanguage":"it-CH","@id":"https:\/\/teasense.ch\/it\/#\/schema\/logo\/image\/","url":"https:\/\/teasense.ch\/wp-content\/uploads\/2023\/07\/cropped-logo-teasense-kategorie-onlineshop-alle-produkte.jpg","contentUrl":"https:\/\/teasense.ch\/wp-content\/uploads\/2023\/07\/cropped-logo-teasense-kategorie-onlineshop-alle-produkte.jpg","width":512,"height":512,"caption":"Reale Selection"},"image":{"@id":"https:\/\/teasense.ch\/it\/#\/schema\/logo\/image\/"},"sameAs":["https:\/\/www.facebook.com\/teasense.ch"]}]}},"jetpack-related-posts":[{"id":48573,"url":"https:\/\/teasense.ch\/it\/prodotto\/miscela-curcuma-spezie\/","url_meta":{"origin":48807,"position":0},"title":"Miscela di spezie alla curcuma","author":"Reale Selection","date":"22. October 2025","format":false,"excerpt":"Curcuma con citronella, limone, zenzero e coriandolo Ideale come infuso, in cucina o per una bevanda alla curcuma Colore dorato, 100 % ingredienti naturali \u2013 senza additivi","rel":"","context":"Similar post","block_context":{"text":"Similar post","link":""},"img":{"alt_text":"Kurkuma Gew\u00fcrz-Mix Zitronengras, Zitrone, Ingwer und Koriander","src":"https:\/\/i0.wp.com\/teasense.ch\/wp-content\/uploads\/2025\/09\/kurkuma-zitrone-1.png?resize=350%2C200&ssl=1","width":350,"height":200,"srcset":"https:\/\/i0.wp.com\/teasense.ch\/wp-content\/uploads\/2025\/09\/kurkuma-zitrone-1.png?resize=350%2C200&ssl=1 1x, https:\/\/i0.wp.com\/teasense.ch\/wp-content\/uploads\/2025\/09\/kurkuma-zitrone-1.png?resize=525%2C300&ssl=1 1.5x, https:\/\/i0.wp.com\/teasense.ch\/wp-content\/uploads\/2025\/09\/kurkuma-zitrone-1.png?resize=700%2C400&ssl=1 2x"},"classes":[]},{"id":48549,"url":"https:\/\/teasense.ch\/it\/prodotto\/soba-cha-te-grano-saraceno-al-forno\/","url_meta":{"origin":48807,"position":1},"title":"Soba Cha \u2013 t\u00e8 di grano saraceno al forno","author":"Reale Selection","date":"10. November 2025","format":false,"excerpt":"\ud83e\udd44 2 cucchiaini per tazza (14 g\/litro) \ud83c\udf21\ufe0f 100 \u00b0C \u23f3 2 minuti","rel":"","context":"Similar post","block_context":{"text":"Similar post","link":""},"img":{"alt_text":"Soba Cha \u2013 gebackener Buchweizen Tee","src":"https:\/\/i0.wp.com\/teasense.ch\/wp-content\/uploads\/2025\/11\/buchweizen.png?resize=350%2C200&ssl=1","width":350,"height":200,"srcset":"https:\/\/i0.wp.com\/teasense.ch\/wp-content\/uploads\/2025\/11\/buchweizen.png?resize=350%2C200&ssl=1 1x, https:\/\/i0.wp.com\/teasense.ch\/wp-content\/uploads\/2025\/11\/buchweizen.png?resize=525%2C300&ssl=1 1.5x, https:\/\/i0.wp.com\/teasense.ch\/wp-content\/uploads\/2025\/11\/buchweizen.png?resize=700%2C400&ssl=1 2x"},"classes":[]},{"id":48150,"url":"https:\/\/teasense.ch\/it\/prodotto\/te-nero-vaniglia\/","url_meta":{"origin":48807,"position":2},"title":"T\u00e8 nero vaniglia","author":"Reale Selection","date":"17. December 2025","format":false,"excerpt":"Preparazione T\u00e8 nero vaniglia naturale \ud83e\udd44 1 \u2013 2 cucchiaini per tazza (12 g\/litro)\ud83c\udf21\ufe0f 100 \u00b0C\u23f3 3 minuti","rel":"","context":"Similar post","block_context":{"text":"Similar post","link":""},"img":{"alt_text":"Schwarztee Vanille Nat\u00fcrlich","src":"https:\/\/i0.wp.com\/teasense.ch\/wp-content\/uploads\/2025\/12\/vanille-schwarztee.png?resize=350%2C200&ssl=1","width":350,"height":200,"srcset":"https:\/\/i0.wp.com\/teasense.ch\/wp-content\/uploads\/2025\/12\/vanille-schwarztee.png?resize=350%2C200&ssl=1 1x, https:\/\/i0.wp.com\/teasense.ch\/wp-content\/uploads\/2025\/12\/vanille-schwarztee.png?resize=525%2C300&ssl=1 1.5x, https:\/\/i0.wp.com\/teasense.ch\/wp-content\/uploads\/2025\/12\/vanille-schwarztee.png?resize=700%2C400&ssl=1 2x"},"classes":[]},{"id":48482,"url":"https:\/\/teasense.ch\/it\/prodotto\/tisana-cacao-menta\/","url_meta":{"origin":48807,"position":3},"title":"Cacao Menta &#8211; Miscela di tisane","author":"Reale Selection","date":"16. November 2025","format":false,"excerpt":"Preparazione \ud83e\udd44 1 cucchiaino (10\u201312 g per litro)\ud83c\udf21\ufe0f 100 \u00b0C\u23f3 5 - 8 minuti","rel":"","context":"Similar post","block_context":{"text":"Similar post","link":""},"img":{"alt_text":"Schoko Minze - Kr\u00e4uterteemischung","src":"https:\/\/i0.wp.com\/teasense.ch\/wp-content\/uploads\/2025\/11\/schoko-minze-kraeuterteemischung.png?resize=350%2C200&ssl=1","width":350,"height":200,"srcset":"https:\/\/i0.wp.com\/teasense.ch\/wp-content\/uploads\/2025\/11\/schoko-minze-kraeuterteemischung.png?resize=350%2C200&ssl=1 1x, https:\/\/i0.wp.com\/teasense.ch\/wp-content\/uploads\/2025\/11\/schoko-minze-kraeuterteemischung.png?resize=525%2C300&ssl=1 1.5x, https:\/\/i0.wp.com\/teasense.ch\/wp-content\/uploads\/2025\/11\/schoko-minze-kraeuterteemischung.png?resize=700%2C400&ssl=1 2x"},"classes":[]},{"id":48144,"url":"https:\/\/teasense.ch\/it\/prodotto\/te-nero-ciliegia-selvatica\/","url_meta":{"origin":48807,"position":4},"title":"T\u00e8 nero Ciliegia selvatica","author":"Reale Selection","date":"17. December 2025","format":false,"excerpt":"Preparazione T\u00e8 nero Ciliegia selvatica naturale \ud83e\udd44 1 \u2013 2 cucchiaini per tazza (12 g\/litro)\ud83c\udf21\ufe0f 100 \u00b0C\u23f3 3 minuti","rel":"","context":"Similar post","block_context":{"text":"Similar post","link":""},"img":{"alt_text":"Schwarztee Wildkirsche Nat\u00fcrliche Teemischung","src":"https:\/\/i0.wp.com\/teasense.ch\/wp-content\/uploads\/2025\/12\/schwarztee-wildkirsche.png?resize=350%2C200&ssl=1","width":350,"height":200,"srcset":"https:\/\/i0.wp.com\/teasense.ch\/wp-content\/uploads\/2025\/12\/schwarztee-wildkirsche.png?resize=350%2C200&ssl=1 1x, https:\/\/i0.wp.com\/teasense.ch\/wp-content\/uploads\/2025\/12\/schwarztee-wildkirsche.png?resize=525%2C300&ssl=1 1.5x, https:\/\/i0.wp.com\/teasense.ch\/wp-content\/uploads\/2025\/12\/schwarztee-wildkirsche.png?resize=700%2C400&ssl=1 2x"},"classes":[]},{"id":48619,"url":"https:\/\/teasense.ch\/it\/prodotto\/te-nero-kenya-gfop-marinyn\/","url_meta":{"origin":48807,"position":5},"title":"T\u00e8 nero Kenya GFOP Marinyn","author":"Reale Selection","date":"13. October 2025","format":false,"excerpt":"Preparazione Kenya GFOP Marinyn \ud83e\udd441 cucchiaino per 200 ml\ud83c\udf21\ufe0f 100 \u00b0C\u23f3 3 minuti","rel":"","context":"Similar post","block_context":{"text":"Similar post","link":""},"img":{"alt_text":"Schwarztee aus Kenia loser Tee Kenya GFOP Marinyn","src":"https:\/\/i0.wp.com\/teasense.ch\/wp-content\/uploads\/2025\/10\/kenya-gfop-marinyn.png?resize=350%2C200&ssl=1","width":350,"height":200,"srcset":"https:\/\/i0.wp.com\/teasense.ch\/wp-content\/uploads\/2025\/10\/kenya-gfop-marinyn.png?resize=350%2C200&ssl=1 1x, https:\/\/i0.wp.com\/teasense.ch\/wp-content\/uploads\/2025\/10\/kenya-gfop-marinyn.png?resize=525%2C300&ssl=1 1.5x, https:\/\/i0.wp.com\/teasense.ch\/wp-content\/uploads\/2025\/10\/kenya-gfop-marinyn.png?resize=700%2C400&ssl=1 2x"},"classes":[]}],"jetpack_sharing_enabled":true,"jetpack_likes_enabled":false,"_links":{"self":[{"href":"https:\/\/teasense.ch\/it\/wp-json\/wp\/v2\/product\/48807","targetHints":{"allow":["GET"]}}],"collection":[{"href":"https:\/\/teasense.ch\/it\/wp-json\/wp\/v2\/product"}],"about":[{"href":"https:\/\/teasense.ch\/it\/wp-json\/wp\/v2\/types\/product"}],"replies":[{"embeddable":true,"href":"https:\/\/teasense.ch\/it\/wp-json\/wp\/v2\/comments?post=48807"}],"wp:featuredmedia":[{"embeddable":true,"href":"https:\/\/teasense.ch\/it\/wp-json\/wp\/v2\/media\/47156"}],"wp:attachment":[{"href":"https:\/\/teasense.ch\/it\/wp-json\/wp\/v2\/media?parent=48807"}],"wp:term":[{"taxonomy":"product_brand","embeddable":true,"href":"https:\/\/teasense.ch\/it\/wp-json\/wp\/v2\/product_brand?post=48807"},{"taxonomy":"product_cat","embeddable":true,"href":"https:\/\/teasense.ch\/it\/wp-json\/wp\/v2\/product_cat?post=48807"},{"taxonomy":"product_tag","embeddable":true,"href":"https:\/\/teasense.ch\/it\/wp-json\/wp\/v2\/product_tag?post=48807"}],"curies":[{"name":"wp","href":"https:\/\/api.w.org\/{rel}","templated":true}]}}